{"id":56,"date":"2025-10-02T16:27:17","date_gmt":"2025-10-02T16:27:17","guid":{"rendered":"http:\/\/lecoutedesoi.fr\/?page_id=56"},"modified":"2026-01-12T15:31:51","modified_gmt":"2026-01-12T15:31:51","slug":"about-us","status":"publish","type":"page","link":"http:\/\/lecoutedesoi.fr\/?page_id=56","title":{"rendered":"L&#8217;ASSOCIATION"},"content":{"rendered":"\t\t<div data-elementor-type=\"wp-page\" data-elementor-id=\"56\" class=\"elementor elementor-56\" data-elementor-post-type=\"page\">\n\t\t\t\t<div class=\"elementor-element elementor-element-1eb406ef e-con-full e-flex e-con e-parent\" data-id=\"1eb406ef\" data-element_type=\"container\" data-settings=\"{&quot;background_background&quot;:&quot;classic&quot;}\">\n\t\t<div class=\"elementor-element elementor-element-1bd5210 e-con-full e-flex e-con e-child\" data-id=\"1bd5210\" data-element_type=\"container\">\n\t\t\t\t<div class=\"elementor-element elementor-element-507a09d elementor-invisible elementor-widget elementor-widget-heading\" data-id=\"507a09d\" data-element_type=\"widget\" data-settings=\"{&quot;_animation&quot;:&quot;fadeIn&quot;}\" data-widget_type=\"heading.default\">\n\t\t\t\t<div class=\"elementor-widget-container\">\n\t\t\t\t\t<h1 class=\"elementor-heading-title elementor-size-default\">Qui sommes nous ?<\/h1>\t\t\t\t<\/div>\n\t\t\t\t<\/div>\n\t\t\t\t<\/div>\n\t\t<div class=\"elementor-element elementor-element-2086fdac e-con-full e-flex e-con e-child\" data-id=\"2086fdac\" data-element_type=\"container\">\n\t\t\t\t<div class=\"elementor-element elementor-element-6db82e04 elementor-widget elementor-widget-heading\" data-id=\"6db82e04\" data-element_type=\"widget\" data-widget_type=\"heading.default\">\n\t\t\t\t<div class=\"elementor-widget-container\">\n\t\t\t\t\t<h5 class=\"elementor-heading-title elementor-size-default\">Un espace de bienveillance et de pr\u00e9sence pour se reconnecter \u00e0 soi, aux autres et au monde.<\/h5>\t\t\t\t<\/div>\n\t\t\t\t<\/div>\n\t\t\t\t<\/div>\n\t\t\t\t<\/div>\n\t\t<div class=\"elementor-element elementor-element-5ed8cc1c e-con-full e-flex e-con e-parent\" data-id=\"5ed8cc1c\" data-element_type=\"container\">\n\t\t<div class=\"elementor-element elementor-element-20992af0 e-con-full e-flex e-con e-child\" data-id=\"20992af0\" data-element_type=\"container\">\n\t\t\t\t<div class=\"elementor-element elementor-element-2b738d2a elementor-widget-mobile__width-initial elementor-widget elementor-widget-image\" data-id=\"2b738d2a\" data-element_type=\"widget\" data-settings=\"{&quot;motion_fx_motion_fx_scrolling&quot;:&quot;yes&quot;,&quot;motion_fx_translateY_effect&quot;:&quot;yes&quot;,&quot;motion_fx_translateY_speed&quot;:{&quot;unit&quot;:&quot;px&quot;,&quot;size&quot;:1,&quot;sizes&quot;:[]},&quot;motion_fx_devices&quot;:[&quot;desktop&quot;,&quot;tablet&quot;],&quot;motion_fx_translateY_affectedRange&quot;:{&quot;unit&quot;:&quot;%&quot;,&quot;size&quot;:&quot;&quot;,&quot;sizes&quot;:{&quot;start&quot;:0,&quot;end&quot;:100}}}\" data-widget_type=\"image.default\">\n\t\t\t\t<div class=\"elementor-widget-container\">\n\t\t\t\t\t\t\t\t\t\t\t\t\t\t\t<img fetchpriority=\"high\" decoding=\"async\" width=\"800\" height=\"534\" src=\"http:\/\/lecoutedesoi.fr\/wp-content\/uploads\/2025\/10\/pexels-amin-sujan-529242-1375883-1024x683.jpg\" class=\"attachment-large size-large wp-image-165\" alt=\"\" srcset=\"http:\/\/lecoutedesoi.fr\/wp-content\/uploads\/2025\/10\/pexels-amin-sujan-529242-1375883-1024x683.jpg 1024w, http:\/\/lecoutedesoi.fr\/wp-content\/uploads\/2025\/10\/pexels-amin-sujan-529242-1375883-300x200.jpg 300w, http:\/\/lecoutedesoi.fr\/wp-content\/uploads\/2025\/10\/pexels-amin-sujan-529242-1375883-768x512.jpg 768w, http:\/\/lecoutedesoi.fr\/wp-content\/uploads\/2025\/10\/pexels-amin-sujan-529242-1375883-1536x1024.jpg 1536w, http:\/\/lecoutedesoi.fr\/wp-content\/uploads\/2025\/10\/pexels-amin-sujan-529242-1375883-2048x1365.jpg 2048w\" sizes=\"(max-width: 800px) 100vw, 800px\" \/>\t\t\t\t\t\t\t\t\t\t\t\t\t\t\t<\/div>\n\t\t\t\t<\/div>\n\t\t\t\t<div class=\"elementor-element elementor-element-3222f5d7 elementor-widget-mobile__width-initial elementor-widget elementor-widget-image\" data-id=\"3222f5d7\" data-element_type=\"widget\" data-settings=\"{&quot;motion_fx_motion_fx_scrolling&quot;:&quot;yes&quot;,&quot;motion_fx_translateY_effect&quot;:&quot;yes&quot;,&quot;motion_fx_translateY_direction&quot;:&quot;negative&quot;,&quot;motion_fx_translateY_speed&quot;:{&quot;unit&quot;:&quot;px&quot;,&quot;size&quot;:1,&quot;sizes&quot;:[]},&quot;motion_fx_devices&quot;:[&quot;desktop&quot;,&quot;tablet&quot;],&quot;motion_fx_translateY_affectedRange&quot;:{&quot;unit&quot;:&quot;%&quot;,&quot;size&quot;:&quot;&quot;,&quot;sizes&quot;:{&quot;start&quot;:0,&quot;end&quot;:100}}}\" data-widget_type=\"image.default\">\n\t\t\t\t<div class=\"elementor-widget-container\">\n\t\t\t\t\t\t\t\t\t\t\t\t\t\t\t<img decoding=\"async\" width=\"1707\" height=\"2560\" src=\"http:\/\/lecoutedesoi.fr\/wp-content\/uploads\/2025\/10\/pexels-elly-fairytale-3822776-scaled.jpg\" class=\"attachment-full size-full wp-image-191\" alt=\"\" srcset=\"http:\/\/lecoutedesoi.fr\/wp-content\/uploads\/2025\/10\/pexels-elly-fairytale-3822776-scaled.jpg 1707w, http:\/\/lecoutedesoi.fr\/wp-content\/uploads\/2025\/10\/pexels-elly-fairytale-3822776-200x300.jpg 200w, http:\/\/lecoutedesoi.fr\/wp-content\/uploads\/2025\/10\/pexels-elly-fairytale-3822776-683x1024.jpg 683w, http:\/\/lecoutedesoi.fr\/wp-content\/uploads\/2025\/10\/pexels-elly-fairytale-3822776-768x1152.jpg 768w, http:\/\/lecoutedesoi.fr\/wp-content\/uploads\/2025\/10\/pexels-elly-fairytale-3822776-1024x1536.jpg 1024w, http:\/\/lecoutedesoi.fr\/wp-content\/uploads\/2025\/10\/pexels-elly-fairytale-3822776-1365x2048.jpg 1365w\" sizes=\"(max-width: 1707px) 100vw, 1707px\" \/>\t\t\t\t\t\t\t\t\t\t\t\t\t\t\t<\/div>\n\t\t\t\t<\/div>\n\t\t\t\t<\/div>\n\t\t<div class=\"elementor-element elementor-element-38414bd7 e-con-full e-flex e-con e-child\" data-id=\"38414bd7\" data-element_type=\"container\" id=\"ourmission\">\n\t\t\t\t<div class=\"elementor-element elementor-element-303968f9 elementor-invisible elementor-widget elementor-widget-heading\" data-id=\"303968f9\" data-element_type=\"widget\" data-settings=\"{&quot;_animation&quot;:&quot;fadeIn&quot;}\" data-widget_type=\"heading.default\">\n\t\t\t\t<div class=\"elementor-widget-container\">\n\t\t\t\t\t<h1 class=\"elementor-heading-title elementor-size-default\">L'association <br>loi 1901<\/h1>\t\t\t\t<\/div>\n\t\t\t\t<\/div>\n\t\t\t\t<div class=\"elementor-element elementor-element-38cf5441 elementor-widget__width-initial elementor-widget-tablet__width-inherit elementor-invisible elementor-widget elementor-widget-text-editor\" data-id=\"38cf5441\" data-element_type=\"widget\" data-settings=\"{&quot;_animation&quot;:&quot;fadeIn&quot;,&quot;_animation_delay&quot;:200}\" data-widget_type=\"text-editor.default\">\n\t\t\t\t<div class=\"elementor-widget-container\">\n\t\t\t\t\t\t\t\t\t<p data-start=\"471\" data-end=\"832\"><strong data-start=\"471\" data-end=\"490\">L\u2019\u00c9coute de Soi<\/strong> est une <strong data-start=\"499\" data-end=\"538\">association de yoga situ\u00e9e \u00e0 Istres<\/strong>, ouverte \u00e0 toutes et \u00e0 tous, quels que soient l\u2019\u00e2ge ou le niveau de pratique. Fond\u00e9e sur des valeurs de <strong data-start=\"643\" data-end=\"660\">bienveillance<\/strong>, de <strong data-start=\"665\" data-end=\"676\">partage<\/strong> et de <strong data-start=\"683\" data-end=\"714\">respect du rythme de chacun<\/strong>, l\u2019association propose un espace chaleureux o\u00f9 chacun peut se reconnecter \u00e0 soi-m\u00eame \u00e0 travers la pratique du yoga.<\/p><p data-start=\"834\" data-end=\"1070\">Nos cours de <strong data-start=\"847\" data-end=\"878\">hatha yoga et de relaxation<\/strong> sont dispens\u00e9s \u00e0 <strong data-start=\"896\" data-end=\"906\">Istres<\/strong> et \u00e0 <strong data-start=\"912\" data-end=\"941\">Port-Saint-Louis-du-Rh\u00f4ne<\/strong>, mais aussi <strong data-start=\"954\" data-end=\"977\">\u00e0 distance via Zoom<\/strong> pour permettre \u00e0 chacun de pratiquer depuis chez soi, dans un cadre apaisant et convivial.<\/p><p data-start=\"1072\" data-end=\"1397\">Plus qu\u2019une simple activit\u00e9 physique, le yoga que nous partageons est un <strong data-start=\"1145\" data-end=\"1213\">chemin vers la pr\u00e9sence, la respiration et l\u2019\u00e9quilibre int\u00e9rieur<\/strong>. \u00c0 travers des <strong data-start=\"1229\" data-end=\"1249\">cours collectifs<\/strong>, des <strong data-start=\"1255\" data-end=\"1279\">ateliers th\u00e9matiques<\/strong> et des <strong data-start=\"1287\" data-end=\"1309\">moments d\u2019\u00e9changes<\/strong>, nous accompagnons chaque \u00e9l\u00e8ve dans une <strong data-start=\"1351\" data-end=\"1394\">\u00e9coute profonde du corps et de l\u2019esprit<\/strong>.<\/p><p data-start=\"1399\" data-end=\"1608\">Rejoindre <em data-start=\"1409\" data-end=\"1426\">L\u2019\u00c9coute de Soi<\/em>, c\u2019est int\u00e9grer une <strong data-start=\"1447\" data-end=\"1475\">communaut\u00e9 bienveillante<\/strong> o\u00f9 la pratique du yoga devient un <strong data-start=\"1510\" data-end=\"1526\">art de vivre<\/strong>, un moyen de cultiver la s\u00e9r\u00e9nit\u00e9 au quotidien et de tisser des liens sinc\u00e8res.<\/p>\t\t\t\t\t\t\t\t<\/div>\n\t\t\t\t<\/div>\n\t\t\t\t<\/div>\n\t\t\t\t<\/div>\n\t\t<div class=\"elementor-element elementor-element-2187bde e-flex e-con-boxed e-con e-parent\" data-id=\"2187bde\" data-element_type=\"container\">\n\t\t\t\t\t<div class=\"e-con-inner\">\n\t\t<div class=\"elementor-element elementor-element-1444ace e-con-full e-flex e-con e-child\" data-id=\"1444ace\" data-element_type=\"container\">\n\t\t\t\t<div class=\"elementor-element elementor-element-587efd1 elementor-tablet-align-left elementor-mobile-align-center elementor-widget__width-inherit elementor-align-center elementor-invisible elementor-widget elementor-widget-button\" data-id=\"587efd1\" data-element_type=\"widget\" data-settings=\"{&quot;_animation&quot;:&quot;fadeIn&quot;,&quot;_animation_delay&quot;:200}\" data-widget_type=\"button.default\">\n\t\t\t\t<div class=\"elementor-widget-container\">\n\t\t\t\t\t\t\t\t\t<div class=\"elementor-button-wrapper\">\n\t\t\t\t\t<a class=\"elementor-button elementor-button-link elementor-size-sm\" href=\"http:\/\/lecoutedesoi.fr\/?page_id=51\">\n\t\t\t\t\t\t<span class=\"elementor-button-content-wrapper\">\n\t\t\t\t\t\t\t\t\t<span class=\"elementor-button-text\">VOIR LES COURS<\/span>\n\t\t\t\t\t<\/span>\n\t\t\t\t\t<\/a>\n\t\t\t\t<\/div>\n\t\t\t\t\t\t\t\t<\/div>\n\t\t\t\t<\/div>\n\t\t\t\t<\/div>\n\t\t<div class=\"elementor-element elementor-element-e1b58a8 e-con-full e-flex e-con e-child\" data-id=\"e1b58a8\" data-element_type=\"container\">\n\t\t\t\t<div class=\"elementor-element elementor-element-1cc2091 elementor-align-center elementor-widget__width-inherit elementor-invisible elementor-widget elementor-widget-button\" data-id=\"1cc2091\" data-element_type=\"widget\" data-settings=\"{&quot;_animation&quot;:&quot;fadeInDown&quot;}\" data-widget_type=\"button.default\">\n\t\t\t\t<div class=\"elementor-widget-container\">\n\t\t\t\t\t\t\t\t\t<div class=\"elementor-button-wrapper\">\n\t\t\t\t\t<a class=\"elementor-button elementor-button-link elementor-size-sm\" href=\"mailto:lecoutedesoi@orange.fr?subject=DEVENIR%20ADH%C3%89RENT&#038;body=Bonjour,%20merci%20de%20remplir%20les%20informations%20ci-dessous%20pour%20compl%C3%A9ter%20votre%20demande%20d&#039;adh%C3%A9sion%20:%0D%0A%0D%0ANom,%20pr%C3%A9nom%20:%20%0D%0AAdresse%20email%20:%20%0D%0ATel%20:%20\">\n\t\t\t\t\t\t<span class=\"elementor-button-content-wrapper\">\n\t\t\t\t\t\t\t\t\t<span class=\"elementor-button-text\">je veux m'inscrire<\/span>\n\t\t\t\t\t<\/span>\n\t\t\t\t\t<\/a>\n\t\t\t\t<\/div>\n\t\t\t\t\t\t\t\t<\/div>\n\t\t\t\t<\/div>\n\t\t\t\t<\/div>\n\t\t\t\t\t<\/div>\n\t\t\t\t<\/div>\n\t\t<div class=\"elementor-element elementor-element-711b0d6 e-flex e-con-boxed e-con e-parent\" data-id=\"711b0d6\" data-element_type=\"container\">\n\t\t\t\t\t<div class=\"e-con-inner\">\n\t\t\t\t<div class=\"elementor-element elementor-element-1c5b8be elementor-widget-divider--view-line elementor-widget elementor-widget-divider\" data-id=\"1c5b8be\" data-element_type=\"widget\" data-widget_type=\"divider.default\">\n\t\t\t\t<div class=\"elementor-widget-container\">\n\t\t\t\t\t\t\t<div class=\"elementor-divider\">\n\t\t\t<span class=\"elementor-divider-separator\">\n\t\t\t\t\t\t<\/span>\n\t\t<\/div>\n\t\t\t\t\t\t<\/div>\n\t\t\t\t<\/div>\n\t\t\t\t\t<\/div>\n\t\t\t\t<\/div>\n\t\t<div class=\"elementor-element elementor-element-c47872d e-flex e-con-boxed e-con e-parent\" data-id=\"c47872d\" data-element_type=\"container\">\n\t\t\t\t\t<div class=\"e-con-inner\">\n\t\t<div class=\"elementor-element elementor-element-f92c92c e-con-full e-flex e-con e-child\" data-id=\"f92c92c\" data-element_type=\"container\">\n\t\t\t\t<div class=\"elementor-element elementor-element-320e2a1 elementor-headline--style-highlight elementor-widget elementor-widget-animated-headline\" data-id=\"320e2a1\" data-element_type=\"widget\" data-settings=\"{&quot;highlighted_text&quot;:&quot;Yoga&quot;,&quot;headline_style&quot;:&quot;highlight&quot;,&quot;marker&quot;:&quot;circle&quot;,&quot;loop&quot;:&quot;yes&quot;,&quot;highlight_animation_duration&quot;:1200,&quot;highlight_iteration_delay&quot;:8000}\" data-widget_type=\"animated-headline.default\">\n\t\t\t\t<div class=\"elementor-widget-container\">\n\t\t\t\t\t\t\t<h3 class=\"elementor-headline\">\n\t\t\t\t\t<span class=\"elementor-headline-plain-text elementor-headline-text-wrapper\">Le<\/span>\n\t\t\t\t<span class=\"elementor-headline-dynamic-wrapper elementor-headline-text-wrapper\">\n\t\t\t\t\t<span class=\"elementor-headline-dynamic-text elementor-headline-text-active\">Yoga<\/span>\n\t\t\t\t<\/span>\n\t\t\t\t<\/h3>\n\t\t\t\t\t\t<\/div>\n\t\t\t\t<\/div>\n\t\t\t\t<\/div>\n\t\t<div class=\"elementor-element elementor-element-968d42e e-con-full e-flex e-con e-child\" data-id=\"968d42e\" data-element_type=\"container\">\n\t\t\t\t<div class=\"elementor-element elementor-element-2e3eff6 elementor-widget__width-initial elementor-widget-tablet__width-inherit elementor-invisible elementor-widget elementor-widget-text-editor\" data-id=\"2e3eff6\" data-element_type=\"widget\" data-settings=\"{&quot;_animation&quot;:&quot;fadeIn&quot;,&quot;_animation_delay&quot;:200}\" data-widget_type=\"text-editor.default\">\n\t\t\t\t<div class=\"elementor-widget-container\">\n\t\t\t\t\t\t\t\t\t<p>N\u00e9 en Inde il y a plus de 4000 ans, le yoga est une m\u00e9thode \u00e9labor\u00e9e par les Sages pour aider les \u00eatres humains \u00e0 trouver l\u2019unit\u00e9 dans leur corps et leur \u00e2me. Cette harmonie, est porteuse de bien-\u00eatre, de joie et de paix int\u00e9rieure.<\/p><p>L\u2019\u00e9tymologie du mot \u00ab yoga \u00bb renvoie \u00e0 la racine sanskrite yug, que l\u2019on retrouve dans le fran\u00e7ais \u00abjoindre\u00bb ou dans \u00abjoug\u00bb.<\/p>\t\t\t\t\t\t\t\t<\/div>\n\t\t\t\t<\/div>\n\t\t\t\t<\/div>\n\t\t\t\t\t<\/div>\n\t\t\t\t<\/div>\n\t\t<div class=\"elementor-element elementor-element-1252aea e-flex e-con-boxed e-con e-parent\" data-id=\"1252aea\" data-element_type=\"container\">\n\t\t\t\t\t<div class=\"e-con-inner\">\n\t\t<div class=\"elementor-element elementor-element-862142e e-con-full e-flex e-con e-child\" data-id=\"862142e\" data-element_type=\"container\">\n\t\t\t\t<div class=\"elementor-element elementor-element-2cf7a74 elementor-headline--style-highlight elementor-widget elementor-widget-animated-headline\" data-id=\"2cf7a74\" data-element_type=\"widget\" data-settings=\"{&quot;marker&quot;:&quot;underline&quot;,&quot;highlighted_text&quot;:&quot;Joindre&quot;,&quot;headline_style&quot;:&quot;highlight&quot;,&quot;loop&quot;:&quot;yes&quot;,&quot;highlight_animation_duration&quot;:1200,&quot;highlight_iteration_delay&quot;:8000}\" data-widget_type=\"animated-headline.default\">\n\t\t\t\t<div class=\"elementor-widget-container\">\n\t\t\t\t\t\t\t<h3 class=\"elementor-headline\">\n\t\t\t\t<span class=\"elementor-headline-dynamic-wrapper elementor-headline-text-wrapper\">\n\t\t\t\t\t<span class=\"elementor-headline-dynamic-text elementor-headline-text-active\">Joindre<\/span>\n\t\t\t\t<\/span>\n\t\t\t\t\t<span class=\"elementor-headline-plain-text elementor-headline-text-wrapper\">, relier quoi ?<\/span>\n\t\t\t\t\t<\/h3>\n\t\t\t\t\t\t<\/div>\n\t\t\t\t<\/div>\n\t\t\t\t<div class=\"elementor-element elementor-element-ca638b7 elementor-widget__width-initial elementor-widget-tablet__width-inherit elementor-invisible elementor-widget elementor-widget-text-editor\" data-id=\"ca638b7\" data-element_type=\"widget\" data-settings=\"{&quot;_animation&quot;:&quot;fadeIn&quot;,&quot;_animation_delay&quot;:200}\" data-widget_type=\"text-editor.default\">\n\t\t\t\t<div class=\"elementor-widget-container\">\n\t\t\t\t\t\t\t\t\t<p>Tout d\u2019abord soi-m\u00eame, se relier se retrouver soi-m\u00eame, comme une r\u00e9ponse \u00e0 l\u2019\u00e9parpillement du mental de notre \u00e9poque, \u00eatre pr\u00e9sent en soi. Mais aussi se relier autour de soi, partager la vie avec les autres, vivre le pr\u00e9sent dans le partage et la saveur de l\u2019instant. Enfin se relier \u00e0 la source de vie, le yoga n\u2019est ni une religion ni une gymnastique, c\u2019est un chemin de connaissance de soi qui permet de d\u00e9couvrir la pl\u00e9nitude de la dimension humaine et spirituelle.<\/p>\t\t\t\t\t\t\t\t<\/div>\n\t\t\t\t<\/div>\n\t\t\t\t<\/div>\n\t\t<div class=\"elementor-element elementor-element-c985e13 e-con-full e-flex e-con e-child\" data-id=\"c985e13\" data-element_type=\"container\">\n\t\t<div class=\"elementor-element elementor-element-c944716 e-con-full e-flex e-con e-child\" data-id=\"c944716\" data-element_type=\"container\">\n\t\t\t\t<div class=\"elementor-element elementor-element-708894d elementor-widget-mobile__width-initial elementor-widget elementor-widget-image\" data-id=\"708894d\" data-element_type=\"widget\" data-settings=\"{&quot;motion_fx_motion_fx_scrolling&quot;:&quot;yes&quot;,&quot;motion_fx_translateY_effect&quot;:&quot;yes&quot;,&quot;motion_fx_translateY_speed&quot;:{&quot;unit&quot;:&quot;px&quot;,&quot;size&quot;:1,&quot;sizes&quot;:[]},&quot;motion_fx_devices&quot;:[&quot;desktop&quot;,&quot;tablet&quot;],&quot;motion_fx_translateY_affectedRange&quot;:{&quot;unit&quot;:&quot;%&quot;,&quot;size&quot;:&quot;&quot;,&quot;sizes&quot;:{&quot;start&quot;:0,&quot;end&quot;:100}}}\" data-widget_type=\"image.default\">\n\t\t\t\t<div class=\"elementor-widget-container\">\n\t\t\t\t\t\t\t\t\t\t\t\t\t\t\t<img decoding=\"async\" width=\"800\" height=\"600\" src=\"http:\/\/lecoutedesoi.fr\/wp-content\/uploads\/2025\/12\/IMG_4631-1024x768.jpg\" class=\"attachment-large size-large wp-image-514\" alt=\"\" srcset=\"http:\/\/lecoutedesoi.fr\/wp-content\/uploads\/2025\/12\/IMG_4631-1024x768.jpg 1024w, http:\/\/lecoutedesoi.fr\/wp-content\/uploads\/2025\/12\/IMG_4631-300x225.jpg 300w, http:\/\/lecoutedesoi.fr\/wp-content\/uploads\/2025\/12\/IMG_4631-768x576.jpg 768w, http:\/\/lecoutedesoi.fr\/wp-content\/uploads\/2025\/12\/IMG_4631-1536x1152.jpg 1536w, http:\/\/lecoutedesoi.fr\/wp-content\/uploads\/2025\/12\/IMG_4631.jpg 2016w\" sizes=\"(max-width: 800px) 100vw, 800px\" \/>\t\t\t\t\t\t\t\t\t\t\t\t\t\t\t<\/div>\n\t\t\t\t<\/div>\n\t\t\t\t<div class=\"elementor-element elementor-element-ee17a65 elementor-widget-mobile__width-initial elementor-widget elementor-widget-image\" data-id=\"ee17a65\" data-element_type=\"widget\" data-settings=\"{&quot;motion_fx_motion_fx_scrolling&quot;:&quot;yes&quot;,&quot;motion_fx_translateY_effect&quot;:&quot;yes&quot;,&quot;motion_fx_translateY_direction&quot;:&quot;negative&quot;,&quot;motion_fx_translateY_speed&quot;:{&quot;unit&quot;:&quot;px&quot;,&quot;size&quot;:1,&quot;sizes&quot;:[]},&quot;motion_fx_devices&quot;:[&quot;desktop&quot;,&quot;tablet&quot;],&quot;motion_fx_translateY_affectedRange&quot;:{&quot;unit&quot;:&quot;%&quot;,&quot;size&quot;:&quot;&quot;,&quot;sizes&quot;:{&quot;start&quot;:0,&quot;end&quot;:100}}}\" data-widget_type=\"image.default\">\n\t\t\t\t<div class=\"elementor-widget-container\">\n\t\t\t\t\t\t\t\t\t\t\t\t\t\t\t<img loading=\"lazy\" decoding=\"async\" width=\"1200\" height=\"1600\" src=\"http:\/\/lecoutedesoi.fr\/wp-content\/uploads\/2025\/10\/PHOTO-2024-05-25-13-32-19-1.jpg\" class=\"attachment-full size-full wp-image-271\" alt=\"\" srcset=\"http:\/\/lecoutedesoi.fr\/wp-content\/uploads\/2025\/10\/PHOTO-2024-05-25-13-32-19-1.jpg 1200w, http:\/\/lecoutedesoi.fr\/wp-content\/uploads\/2025\/10\/PHOTO-2024-05-25-13-32-19-1-225x300.jpg 225w, http:\/\/lecoutedesoi.fr\/wp-content\/uploads\/2025\/10\/PHOTO-2024-05-25-13-32-19-1-768x1024.jpg 768w, http:\/\/lecoutedesoi.fr\/wp-content\/uploads\/2025\/10\/PHOTO-2024-05-25-13-32-19-1-1152x1536.jpg 1152w\" sizes=\"(max-width: 1200px) 100vw, 1200px\" \/>\t\t\t\t\t\t\t\t\t\t\t\t\t\t\t<\/div>\n\t\t\t\t<\/div>\n\t\t\t\t<\/div>\n\t\t\t\t<\/div>\n\t\t\t\t\t<\/div>\n\t\t\t\t<\/div>\n\t\t<div class=\"elementor-element elementor-element-d380676 e-flex e-con-boxed e-con e-parent\" data-id=\"d380676\" data-element_type=\"container\">\n\t\t\t\t\t<div class=\"e-con-inner\">\n\t\t<div class=\"elementor-element elementor-element-8b41531 e-con-full e-flex e-con e-child\" data-id=\"8b41531\" data-element_type=\"container\">\n\t\t\t\t<div class=\"elementor-element elementor-element-9516ed5 elementor-invisible elementor-widget elementor-widget-heading\" data-id=\"9516ed5\" data-element_type=\"widget\" data-settings=\"{&quot;_animation&quot;:&quot;fadeIn&quot;}\" data-widget_type=\"heading.default\">\n\t\t\t\t<div class=\"elementor-widget-container\">\n\t\t\t\t\t<h1 class=\"elementor-heading-title elementor-size-default\">Comment ? <\/h1>\t\t\t\t<\/div>\n\t\t\t\t<\/div>\n\t\t\t\t<div class=\"elementor-element elementor-element-50d3127 elementor-widget__width-initial elementor-widget-tablet__width-inherit elementor-invisible elementor-widget elementor-widget-text-editor\" data-id=\"50d3127\" data-element_type=\"widget\" data-settings=\"{&quot;_animation&quot;:&quot;fadeIn&quot;,&quot;_animation_delay&quot;:200}\" data-widget_type=\"text-editor.default\">\n\t\t\t\t<div class=\"elementor-widget-container\">\n\t\t\t\t\t\t\t\t\t<p>Le yoga est un ensemble de moyens tels que les postures, le souffle, les sons, la concentration et la m\u00e9ditation, nous permettant tout d\u2019abord de mettre le mental au repos, de r\u00e9tablir la circulation des \u00e9nergies, mais aussi de d\u00e9velopper notre conscience corporelle et surtout notre conscience d\u2019\u00eatre.<\/p><p>Les textes aussi, tels que les Yoga Sutra de Patanjali, sont des moyens sur le chemin de la connaissance, ils balisent le parcours, telles des traces laiss\u00e9es par nos pr\u00e9d\u00e9cesseurs ayant d\u00e9j\u00e0 r\u00e9alis\u00e9 l\u2019\u00e9tat de yoga, d\u2019union universelle. Mais rien ne pr\u00e9vaut \u00e0 la pratique. Seule l\u2019exp\u00e9rience (\u00e9clair\u00e9e de la lumi\u00e8re des textes) peut nous \u00e9lever vers une paix int\u00e9rieure profonde.<\/p>\t\t\t\t\t\t\t\t<\/div>\n\t\t\t\t<\/div>\n\t\t\t\t<div class=\"elementor-element elementor-element-71511be elementor-invisible elementor-widget elementor-widget-heading\" data-id=\"71511be\" data-element_type=\"widget\" data-settings=\"{&quot;_animation&quot;:&quot;fadeIn&quot;}\" data-widget_type=\"heading.default\">\n\t\t\t\t<div class=\"elementor-widget-container\">\n\t\t\t\t\t<h1 class=\"elementor-heading-title elementor-size-default\">La pratique ? <\/h1>\t\t\t\t<\/div>\n\t\t\t\t<\/div>\n\t\t\t\t<div class=\"elementor-element elementor-element-71b1af5 elementor-widget__width-initial elementor-widget-tablet__width-inherit elementor-invisible elementor-widget elementor-widget-text-editor\" data-id=\"71b1af5\" data-element_type=\"widget\" data-settings=\"{&quot;_animation&quot;:&quot;fadeIn&quot;,&quot;_animation_delay&quot;:200}\" data-widget_type=\"text-editor.default\">\n\t\t\t\t<div class=\"elementor-widget-container\">\n\t\t\t\t\t\t\t\t\t<p>L\u2019exp\u00e9rience du Yoga se fait au travers de diverses pratiques telles que les postures port\u00e9es par le souffle, les respirations sp\u00e9cifiques, les concentrations, les sons, la relaxation\u2026<\/p>\t\t\t\t\t\t\t\t<\/div>\n\t\t\t\t<\/div>\n\t\t\t\t<\/div>\n\t\t\t\t\t<\/div>\n\t\t\t\t<\/div>\n\t\t<div class=\"elementor-element elementor-element-fa27a82 e-flex e-con-boxed e-con e-parent\" data-id=\"fa27a82\" data-element_type=\"container\">\n\t\t\t\t\t<div class=\"e-con-inner\">\n\t\t<div class=\"elementor-element elementor-element-d12aa5a e-con-full e-flex e-con e-child\" data-id=\"d12aa5a\" data-element_type=\"container\">\n\t\t\t\t<div class=\"elementor-element elementor-element-c3c0a79 elementor-headline--style-highlight elementor-widget elementor-widget-animated-headline\" data-id=\"c3c0a79\" data-element_type=\"widget\" data-settings=\"{&quot;highlighted_text&quot;:&quot;\\u00c2sana&quot;,&quot;headline_style&quot;:&quot;highlight&quot;,&quot;marker&quot;:&quot;circle&quot;,&quot;loop&quot;:&quot;yes&quot;,&quot;highlight_animation_duration&quot;:1200,&quot;highlight_iteration_delay&quot;:8000}\" data-widget_type=\"animated-headline.default\">\n\t\t\t\t<div class=\"elementor-widget-container\">\n\t\t\t\t\t\t\t<h3 class=\"elementor-headline\">\n\t\t\t\t\t<span class=\"elementor-headline-plain-text elementor-headline-text-wrapper\">Les Postures ou <\/span>\n\t\t\t\t<span class=\"elementor-headline-dynamic-wrapper elementor-headline-text-wrapper\">\n\t\t\t\t\t<span class=\"elementor-headline-dynamic-text elementor-headline-text-active\">\u00c2sana<\/span>\n\t\t\t\t<\/span>\n\t\t\t\t<\/h3>\n\t\t\t\t\t\t<\/div>\n\t\t\t\t<\/div>\n\t\t\t\t<\/div>\n\t\t<div class=\"elementor-element elementor-element-ba4a785 e-con-full e-flex e-con e-child\" data-id=\"ba4a785\" data-element_type=\"container\">\n\t\t\t\t<div class=\"elementor-element elementor-element-7ffcf9e elementor-widget__width-initial elementor-widget-tablet__width-inherit elementor-invisible elementor-widget elementor-widget-text-editor\" data-id=\"7ffcf9e\" data-element_type=\"widget\" data-settings=\"{&quot;_animation&quot;:&quot;fadeIn&quot;,&quot;_animation_delay&quot;:200}\" data-widget_type=\"text-editor.default\">\n\t\t\t\t<div class=\"elementor-widget-container\">\n\t\t\t\t\t\t\t\t\t<p>L\u2019\u00e9tymologie de \u00ab \u00e2sana \u00bb vient de la racine sanscrite AS qui signifie assise. Par extension \u00e2sana d\u00e9signe les postures de yoga dans lesquelles le pratiquant s\u2019installe \u00e0 la fois dans la fermet\u00e9 et dans l\u2019aisance. S\u2019int\u00e9rioriser, ramener le calme dans la respiration et le mental, s\u2019asseoir en soi-m\u00eame lors de notre pratique posturale, voil\u00e0 le but des postures et le lien avec le sens premier de \u00ab \u00e2sana \u00bb. Les Postures d\u00e9veloppent la tonicit\u00e9 afin d\u2019am\u00e9liorer l\u2019enracinement, la stabilit\u00e9 du corps et par interaction du mental \u00e9galement.<\/p>\t\t\t\t\t\t\t\t<\/div>\n\t\t\t\t<\/div>\n\t\t\t\t<\/div>\n\t\t\t\t\t<\/div>\n\t\t\t\t<\/div>\n\t\t<div class=\"elementor-element elementor-element-ae256f6 e-flex e-con-boxed e-con e-parent\" data-id=\"ae256f6\" data-element_type=\"container\">\n\t\t\t\t\t<div class=\"e-con-inner\">\n\t\t<div class=\"elementor-element elementor-element-3cf2d48 e-con-full e-flex e-con e-child\" data-id=\"3cf2d48\" data-element_type=\"container\">\n\t\t\t\t<div class=\"elementor-element elementor-element-e0e7f46 elementor-widget__width-initial elementor-widget-tablet__width-inherit elementor-invisible elementor-widget elementor-widget-text-editor\" data-id=\"e0e7f46\" data-element_type=\"widget\" data-settings=\"{&quot;_animation&quot;:&quot;fadeIn&quot;,&quot;_animation_delay&quot;:200}\" data-widget_type=\"text-editor.default\">\n\t\t\t\t<div class=\"elementor-widget-container\">\n\t\t\t\t\t\t\t\t\t<p>Il s\u2019agit de contr\u00f4ler l\u2019\u00e9nergie vitale par le biais du souffle. Dans l\u2019\u00e9tymologie de pr\u00e2n\u00e2y\u00e2ma, on trouve : Pr\u00e2na qui signifie l\u2019\u00e9nergie vitale et Y\u00e2ma qui signifie : contr\u00f4ler, r\u00e9guler. Le terme peut \u00e9galement se d\u00e9couper en Pr\u00e2n\u00e2 (\u00e9nergie) et Ay\u00e2ma qui signifie lib\u00e9rer, ainsi apr\u00e8s avoir lib\u00e9r\u00e9 le corps et le mental de ses n\u0153uds par les postures et les respirations, l\u2019\u00e9nergie vitale peut \u00e0 nouveau circuler librement. Aussi la qualit\u00e9 du souffle dans les pratiques de yoga reste primordiale, elle se caract\u00e9rise par une respiration plus lente, plus r\u00e9guli\u00e8re, plus ample.<\/p>\t\t\t\t\t\t\t\t<\/div>\n\t\t\t\t<\/div>\n\t\t\t\t<\/div>\n\t\t<div class=\"elementor-element elementor-element-5f0d0bf e-con-full e-flex e-con e-child\" data-id=\"5f0d0bf\" data-element_type=\"container\">\n\t\t\t\t<div class=\"elementor-element elementor-element-5103c3d elementor-headline--style-highlight elementor-widget elementor-widget-animated-headline\" data-id=\"5103c3d\" data-element_type=\"widget\" data-settings=\"{&quot;marker&quot;:&quot;underline&quot;,&quot;highlighted_text&quot;:&quot;Pr\\u00e2n\\u00e2y\\u00e2ma&quot;,&quot;headline_style&quot;:&quot;highlight&quot;,&quot;loop&quot;:&quot;yes&quot;,&quot;highlight_animation_duration&quot;:1200,&quot;highlight_iteration_delay&quot;:8000}\" data-widget_type=\"animated-headline.default\">\n\t\t\t\t<div class=\"elementor-widget-container\">\n\t\t\t\t\t\t\t<h3 class=\"elementor-headline\">\n\t\t\t\t\t<span class=\"elementor-headline-plain-text elementor-headline-text-wrapper\">Les Respirations ou <\/span>\n\t\t\t\t<span class=\"elementor-headline-dynamic-wrapper elementor-headline-text-wrapper\">\n\t\t\t\t\t<span class=\"elementor-headline-dynamic-text elementor-headline-text-active\">Pr\u00e2n\u00e2y\u00e2ma<\/span>\n\t\t\t\t<\/span>\n\t\t\t\t<\/h3>\n\t\t\t\t\t\t<\/div>\n\t\t\t\t<\/div>\n\t\t\t\t<\/div>\n\t\t\t\t\t<\/div>\n\t\t\t\t<\/div>\n\t\t<div class=\"elementor-element elementor-element-a7d8c09 e-flex e-con-boxed e-con e-parent\" data-id=\"a7d8c09\" data-element_type=\"container\">\n\t\t\t\t\t<div class=\"e-con-inner\">\n\t\t<div class=\"elementor-element elementor-element-1c8a9d9 e-con-full e-flex e-con e-child\" data-id=\"1c8a9d9\" data-element_type=\"container\">\n\t\t\t\t<div class=\"elementor-element elementor-element-ec60b63 elementor-headline--style-highlight elementor-widget elementor-widget-animated-headline\" data-id=\"ec60b63\" data-element_type=\"widget\" data-settings=\"{&quot;highlighted_text&quot;:&quot;N\\u00e2da yoga&quot;,&quot;headline_style&quot;:&quot;highlight&quot;,&quot;marker&quot;:&quot;circle&quot;,&quot;loop&quot;:&quot;yes&quot;,&quot;highlight_animation_duration&quot;:1200,&quot;highlight_iteration_delay&quot;:8000}\" data-widget_type=\"animated-headline.default\">\n\t\t\t\t<div class=\"elementor-widget-container\">\n\t\t\t\t\t\t\t<h3 class=\"elementor-headline\">\n\t\t\t\t\t<span class=\"elementor-headline-plain-text elementor-headline-text-wrapper\">Les Sons ou <\/span>\n\t\t\t\t<span class=\"elementor-headline-dynamic-wrapper elementor-headline-text-wrapper\">\n\t\t\t\t\t<span class=\"elementor-headline-dynamic-text elementor-headline-text-active\">N\u00e2da yoga<\/span>\n\t\t\t\t<\/span>\n\t\t\t\t<\/h3>\n\t\t\t\t\t\t<\/div>\n\t\t\t\t<\/div>\n\t\t\t\t<\/div>\n\t\t<div class=\"elementor-element elementor-element-9dbf231 e-con-full e-flex e-con e-child\" data-id=\"9dbf231\" data-element_type=\"container\">\n\t\t\t\t<div class=\"elementor-element elementor-element-cecd53f elementor-widget__width-initial elementor-widget-tablet__width-inherit elementor-invisible elementor-widget elementor-widget-text-editor\" data-id=\"cecd53f\" data-element_type=\"widget\" data-settings=\"{&quot;_animation&quot;:&quot;fadeIn&quot;,&quot;_animation_delay&quot;:200}\" data-widget_type=\"text-editor.default\">\n\t\t\t\t<div class=\"elementor-widget-container\">\n\t\t\t\t\t\t\t\t\t<p>N\u00e2da, en sanscrit c\u2019est le son. Tout en nous et autour de nous est vibration. Ainsi qu\u2019ils soient \u00e9mis, re\u00e7us ou int\u00e9rieurement per\u00e7u, les sons, par leur vibration, font \u00e9chos au plus profond de notre \u00eatre. Leur pouvoir p\u00e9n\u00e9trant permet d\u2019agir sur nos blocages souvent issus de nos peurs. Ce merveilleux outil permet d\u2019am\u00e9liorer la circulation d\u2019\u00e9nergie et d\u2019harmoniser le corps et le mental.<\/p>\t\t\t\t\t\t\t\t<\/div>\n\t\t\t\t<\/div>\n\t\t\t\t<\/div>\n\t\t\t\t\t<\/div>\n\t\t\t\t<\/div>\n\t\t<div class=\"elementor-element elementor-element-57a7a94 e-flex e-con-boxed e-con e-parent\" data-id=\"57a7a94\" data-element_type=\"container\">\n\t\t\t\t\t<div class=\"e-con-inner\">\n\t\t<div class=\"elementor-element elementor-element-b7713c7 e-con-full e-flex e-con e-child\" data-id=\"b7713c7\" data-element_type=\"container\">\n\t\t\t\t<div class=\"elementor-element elementor-element-a91a0c8 elementor-widget__width-initial elementor-widget-tablet__width-inherit elementor-invisible elementor-widget elementor-widget-text-editor\" data-id=\"a91a0c8\" data-element_type=\"widget\" data-settings=\"{&quot;_animation&quot;:&quot;fadeIn&quot;,&quot;_animation_delay&quot;:200}\" data-widget_type=\"text-editor.default\">\n\t\t\t\t<div class=\"elementor-widget-container\">\n\t\t\t\t\t\t\t\t\t<p>La concentration (dh\u00e2ran\u00e2 en sanscrit), va renforcer la vigilance, la pr\u00e9sence en chaque chose. La pratique de la concentration s\u2019int\u00e8gre dans les postures ou les respirations. Elle peut \u00e9galement se pratiquer lors d\u2019exercices sp\u00e9cifiques ayant pour but d\u2019am\u00e9liorer nos facult\u00e9s. La concentration permet d\u2019augmenter la conscience pour cr\u00e9er un \u00e9tat d\u2019attention. Elle r\u00e9tablit l\u2019individu dans sa capacit\u00e9 d\u2019\u00e9coute de soi et des autres.<\/p>\t\t\t\t\t\t\t\t<\/div>\n\t\t\t\t<\/div>\n\t\t\t\t<\/div>\n\t\t<div class=\"elementor-element elementor-element-2e91c1b e-con-full e-flex e-con e-child\" data-id=\"2e91c1b\" data-element_type=\"container\">\n\t\t\t\t<div class=\"elementor-element elementor-element-c46ecef elementor-headline--style-highlight elementor-widget elementor-widget-animated-headline\" data-id=\"c46ecef\" data-element_type=\"widget\" data-settings=\"{&quot;marker&quot;:&quot;underline&quot;,&quot;highlighted_text&quot;:&quot;Dh\\u00e2ran\\u00e2&quot;,&quot;headline_style&quot;:&quot;highlight&quot;,&quot;loop&quot;:&quot;yes&quot;,&quot;highlight_animation_duration&quot;:1200,&quot;highlight_iteration_delay&quot;:8000}\" data-widget_type=\"animated-headline.default\">\n\t\t\t\t<div class=\"elementor-widget-container\">\n\t\t\t\t\t\t\t<h3 class=\"elementor-headline\">\n\t\t\t\t\t<span class=\"elementor-headline-plain-text elementor-headline-text-wrapper\">La Concentration ou<\/span>\n\t\t\t\t<span class=\"elementor-headline-dynamic-wrapper elementor-headline-text-wrapper\">\n\t\t\t\t\t<span class=\"elementor-headline-dynamic-text elementor-headline-text-active\">Dh\u00e2ran\u00e2<\/span>\n\t\t\t\t<\/span>\n\t\t\t\t<\/h3>\n\t\t\t\t\t\t<\/div>\n\t\t\t\t<\/div>\n\t\t\t\t<\/div>\n\t\t\t\t\t<\/div>\n\t\t\t\t<\/div>\n\t\t<div class=\"elementor-element elementor-element-fcd94e0 e-flex e-con-boxed e-con e-parent\" data-id=\"fcd94e0\" data-element_type=\"container\">\n\t\t\t\t\t<div class=\"e-con-inner\">\n\t\t<div class=\"elementor-element elementor-element-4127445 e-con-full e-flex e-con e-child\" data-id=\"4127445\" data-element_type=\"container\">\n\t\t\t\t<div class=\"elementor-element elementor-element-3efbc93 elementor-headline--style-highlight elementor-widget elementor-widget-animated-headline\" data-id=\"3efbc93\" data-element_type=\"widget\" data-settings=\"{&quot;highlighted_text&quot;:&quot;Dhyana&quot;,&quot;headline_style&quot;:&quot;highlight&quot;,&quot;marker&quot;:&quot;circle&quot;,&quot;loop&quot;:&quot;yes&quot;,&quot;highlight_animation_duration&quot;:1200,&quot;highlight_iteration_delay&quot;:8000}\" data-widget_type=\"animated-headline.default\">\n\t\t\t\t<div class=\"elementor-widget-container\">\n\t\t\t\t\t\t\t<h3 class=\"elementor-headline\">\n\t\t\t\t\t<span class=\"elementor-headline-plain-text elementor-headline-text-wrapper\">La m\u00e9ditation ou<\/span>\n\t\t\t\t<span class=\"elementor-headline-dynamic-wrapper elementor-headline-text-wrapper\">\n\t\t\t\t\t<span class=\"elementor-headline-dynamic-text elementor-headline-text-active\">Dhyana<\/span>\n\t\t\t\t<\/span>\n\t\t\t\t<\/h3>\n\t\t\t\t\t\t<\/div>\n\t\t\t\t<\/div>\n\t\t\t\t<\/div>\n\t\t<div class=\"elementor-element elementor-element-52f87a2 e-con-full e-flex e-con e-child\" data-id=\"52f87a2\" data-element_type=\"container\">\n\t\t\t\t<div class=\"elementor-element elementor-element-b179a32 elementor-widget__width-initial elementor-widget-tablet__width-inherit elementor-invisible elementor-widget elementor-widget-text-editor\" data-id=\"b179a32\" data-element_type=\"widget\" data-settings=\"{&quot;_animation&quot;:&quot;fadeIn&quot;,&quot;_animation_delay&quot;:200}\" data-widget_type=\"text-editor.default\">\n\t\t\t\t<div class=\"elementor-widget-container\">\n\t\t\t\t\t\t\t\t\t<p>la M\u00e9ditation permet de revenir \u00e0 \u00e9tat profond de pr\u00e9sence \u00e0 soi et \u00e0 ce qui est, et ce quelles que soient les circonstances.<\/p>\t\t\t\t\t\t\t\t<\/div>\n\t\t\t\t<\/div>\n\t\t\t\t<\/div>\n\t\t\t\t\t<\/div>\n\t\t\t\t<\/div>\n\t\t<div class=\"elementor-element elementor-element-e079194 e-flex e-con-boxed e-con e-parent\" data-id=\"e079194\" data-element_type=\"container\">\n\t\t\t\t\t<div class=\"e-con-inner\">\n\t\t<div class=\"elementor-element elementor-element-9b3019e e-con-full e-flex e-con e-child\" data-id=\"9b3019e\" data-element_type=\"container\">\n\t\t\t\t<div class=\"elementor-element elementor-element-5f17216 elementor-widget__width-initial elementor-widget-tablet__width-inherit elementor-invisible elementor-widget elementor-widget-text-editor\" data-id=\"5f17216\" data-element_type=\"widget\" data-settings=\"{&quot;_animation&quot;:&quot;fadeIn&quot;,&quot;_animation_delay&quot;:200}\" data-widget_type=\"text-editor.default\">\n\t\t\t\t<div class=\"elementor-widget-container\">\n\t\t\t\t\t\t\t\t\t<p>La relaxation est essentielle dans la vie de chacun. Elle permet un repos complet et une totale revitalisation gr\u00e2ce au rel\u00e2chement des tensions \u00e0 la fois dans le mental et dans le corps. On pourrait traduire le Yoga Nidra par : \u00ab le sommeil \u00e9veill\u00e9 \u00bb, c\u2019est-\u00e0-dire cette mince fronti\u00e8re o\u00f9 la perception s\u2019int\u00e9riorise et o\u00f9 le contact avec notre subconscient peut s\u2019\u00e9tablir. Le but du yoga est l\u2019unification, renouer avec notre \u00eatre profond est essentiel.<\/p>\t\t\t\t\t\t\t\t<\/div>\n\t\t\t\t<\/div>\n\t\t\t\t<\/div>\n\t\t<div class=\"elementor-element elementor-element-928f117 e-con-full e-flex e-con e-child\" data-id=\"928f117\" data-element_type=\"container\">\n\t\t\t\t<div class=\"elementor-element elementor-element-db3ecca elementor-headline--style-highlight elementor-widget elementor-widget-animated-headline\" data-id=\"db3ecca\" data-element_type=\"widget\" data-settings=\"{&quot;marker&quot;:&quot;underline&quot;,&quot;highlighted_text&quot;:&quot;Yoga Nidra&quot;,&quot;headline_style&quot;:&quot;highlight&quot;,&quot;loop&quot;:&quot;yes&quot;,&quot;highlight_animation_duration&quot;:1200,&quot;highlight_iteration_delay&quot;:8000}\" data-widget_type=\"animated-headline.default\">\n\t\t\t\t<div class=\"elementor-widget-container\">\n\t\t\t\t\t\t\t<h3 class=\"elementor-headline\">\n\t\t\t\t\t<span class=\"elementor-headline-plain-text elementor-headline-text-wrapper\">La Relaxation et le <\/span>\n\t\t\t\t<span class=\"elementor-headline-dynamic-wrapper elementor-headline-text-wrapper\">\n\t\t\t\t\t<span class=\"elementor-headline-dynamic-text elementor-headline-text-active\">Yoga Nidra<\/span>\n\t\t\t\t<\/span>\n\t\t\t\t<\/h3>\n\t\t\t\t\t\t<\/div>\n\t\t\t\t<\/div>\n\t\t\t\t<\/div>\n\t\t\t\t\t<\/div>\n\t\t\t\t<\/div>\n\t\t\t\t<\/div>\n\t\t","protected":false},"excerpt":{"rendered":"<p>Qui sommes nous ? Un espace de bienveillance et de pr\u00e9sence pour se reconnecter \u00e0 soi, aux autres et au monde. L&#8217;association loi 1901 L\u2019\u00c9coute de Soi est une association de yoga situ\u00e9e \u00e0 Istres, ouverte \u00e0 toutes et \u00e0 tous, quels que soient l\u2019\u00e2ge ou le niveau de pratique. Fond\u00e9e sur des valeurs de [&hellip;]<\/p>\n","protected":false},"author":1,"featured_media":61,"parent":0,"menu_order":0,"comment_status":"closed","ping_status":"closed","template":"elementor_header_footer","meta":{"_acf_changed":false,"footnotes":""},"class_list":["post-56","page","type-page","status-publish","has-post-thumbnail","hentry"],"acf":[],"yoast_head":"<!-- This site is optimized with the Yoast SEO plugin v26.3 - https:\/\/yoast.com\/wordpress\/plugins\/seo\/ -->\n<title>L&#039;ASSOCIATION - L&#039;\u00e9coute de soi<\/title>\n<meta name=\"robots\" content=\"index, follow, max-snippet:-1, max-image-preview:large, max-video-preview:-1\" \/>\n<link rel=\"canonical\" href=\"https:\/\/lecoutedesoi.fr\/?page_id=56\" \/>\n<meta property=\"og:locale\" content=\"en_US\" \/>\n<meta property=\"og:type\" content=\"article\" \/>\n<meta property=\"og:title\" content=\"L&#039;ASSOCIATION - L&#039;\u00e9coute de soi\" \/>\n<meta property=\"og:description\" content=\"Qui sommes nous ? Un espace de bienveillance et de pr\u00e9sence pour se reconnecter \u00e0 soi, aux autres et au monde. L&#8217;association loi 1901 L\u2019\u00c9coute de Soi est une association de yoga situ\u00e9e \u00e0 Istres, ouverte \u00e0 toutes et \u00e0 tous, quels que soient l\u2019\u00e2ge ou le niveau de pratique. Fond\u00e9e sur des valeurs de [&hellip;]\" \/>\n<meta property=\"og:url\" content=\"https:\/\/lecoutedesoi.fr\/?page_id=56\" \/>\n<meta property=\"og:site_name\" content=\"L&#039;\u00e9coute de soi\" \/>\n<meta property=\"article:publisher\" content=\"https:\/\/www.facebook.com\/lecoutedesoi.istres\/?locale=fr_FR\" \/>\n<meta property=\"article:modified_time\" content=\"2026-01-12T15:31:51+00:00\" \/>\n<meta property=\"og:image\" content=\"https:\/\/lecoutedesoi.fr\/wp-content\/uploads\/2025\/10\/About-Us.jpg\" \/>\n\t<meta property=\"og:image:width\" content=\"401\" \/>\n\t<meta property=\"og:image:height\" content=\"380\" \/>\n\t<meta property=\"og:image:type\" content=\"image\/jpeg\" \/>\n<meta name=\"twitter:card\" content=\"summary_large_image\" \/>\n<meta name=\"twitter:label1\" content=\"Est. reading time\" \/>\n\t<meta name=\"twitter:data1\" content=\"5 minutes\" \/>\n<script type=\"application\/ld+json\" class=\"yoast-schema-graph\">{\"@context\":\"https:\/\/schema.org\",\"@graph\":[{\"@type\":\"WebPage\",\"@id\":\"https:\/\/lecoutedesoi.fr\/?page_id=56\",\"url\":\"https:\/\/lecoutedesoi.fr\/?page_id=56\",\"name\":\"L'ASSOCIATION - L&#039;\u00e9coute de soi\",\"isPartOf\":{\"@id\":\"https:\/\/lecoutedesoi.fr\/#website\"},\"primaryImageOfPage\":{\"@id\":\"https:\/\/lecoutedesoi.fr\/?page_id=56#primaryimage\"},\"image\":{\"@id\":\"https:\/\/lecoutedesoi.fr\/?page_id=56#primaryimage\"},\"thumbnailUrl\":\"http:\/\/lecoutedesoi.fr\/wp-content\/uploads\/2025\/10\/About-Us.jpg\",\"datePublished\":\"2025-10-02T16:27:17+00:00\",\"dateModified\":\"2026-01-12T15:31:51+00:00\",\"breadcrumb\":{\"@id\":\"https:\/\/lecoutedesoi.fr\/?page_id=56#breadcrumb\"},\"inLanguage\":\"en-US\",\"potentialAction\":[{\"@type\":\"ReadAction\",\"target\":[\"https:\/\/lecoutedesoi.fr\/?page_id=56\"]}]},{\"@type\":\"ImageObject\",\"inLanguage\":\"en-US\",\"@id\":\"https:\/\/lecoutedesoi.fr\/?page_id=56#primaryimage\",\"url\":\"http:\/\/lecoutedesoi.fr\/wp-content\/uploads\/2025\/10\/About-Us.jpg\",\"contentUrl\":\"http:\/\/lecoutedesoi.fr\/wp-content\/uploads\/2025\/10\/About-Us.jpg\",\"width\":401,\"height\":380},{\"@type\":\"BreadcrumbList\",\"@id\":\"https:\/\/lecoutedesoi.fr\/?page_id=56#breadcrumb\",\"itemListElement\":[{\"@type\":\"ListItem\",\"position\":1,\"name\":\"Home\",\"item\":\"https:\/\/lecoutedesoi.fr\/\"},{\"@type\":\"ListItem\",\"position\":2,\"name\":\"L&#8217;ASSOCIATION\"}]},{\"@type\":\"WebSite\",\"@id\":\"https:\/\/lecoutedesoi.fr\/#website\",\"url\":\"https:\/\/lecoutedesoi.fr\/\",\"name\":\"L'\u00e9coute de soi\",\"description\":\"\",\"publisher\":{\"@id\":\"https:\/\/lecoutedesoi.fr\/#organization\"},\"potentialAction\":[{\"@type\":\"SearchAction\",\"target\":{\"@type\":\"EntryPoint\",\"urlTemplate\":\"https:\/\/lecoutedesoi.fr\/?s={search_term_string}\"},\"query-input\":{\"@type\":\"PropertyValueSpecification\",\"valueRequired\":true,\"valueName\":\"search_term_string\"}}],\"inLanguage\":\"en-US\"},{\"@type\":\"Organization\",\"@id\":\"https:\/\/lecoutedesoi.fr\/#organization\",\"name\":\"L'\u00e9coute de soi\",\"url\":\"https:\/\/lecoutedesoi.fr\/\",\"logo\":{\"@type\":\"ImageObject\",\"inLanguage\":\"en-US\",\"@id\":\"https:\/\/lecoutedesoi.fr\/#\/schema\/logo\/image\/\",\"url\":\"http:\/\/lecoutedesoi.fr\/wp-content\/uploads\/2025\/10\/logo-ecoutedesoi2-scaled.png\",\"contentUrl\":\"http:\/\/lecoutedesoi.fr\/wp-content\/uploads\/2025\/10\/logo-ecoutedesoi2-scaled.png\",\"width\":2158,\"height\":2560,\"caption\":\"L'\u00e9coute de soi\"},\"image\":{\"@id\":\"https:\/\/lecoutedesoi.fr\/#\/schema\/logo\/image\/\"},\"sameAs\":[\"https:\/\/www.facebook.com\/lecoutedesoi.istres\/?locale=fr_FR\"]}]}<\/script>\n<!-- \/ Yoast SEO plugin. -->","yoast_head_json":{"title":"L'ASSOCIATION - L&#039;\u00e9coute de soi","robots":{"index":"index","follow":"follow","max-snippet":"max-snippet:-1","max-image-preview":"max-image-preview:large","max-video-preview":"max-video-preview:-1"},"canonical":"https:\/\/lecoutedesoi.fr\/?page_id=56","og_locale":"en_US","og_type":"article","og_title":"L'ASSOCIATION - L&#039;\u00e9coute de soi","og_description":"Qui sommes nous ? Un espace de bienveillance et de pr\u00e9sence pour se reconnecter \u00e0 soi, aux autres et au monde. L&#8217;association loi 1901 L\u2019\u00c9coute de Soi est une association de yoga situ\u00e9e \u00e0 Istres, ouverte \u00e0 toutes et \u00e0 tous, quels que soient l\u2019\u00e2ge ou le niveau de pratique. Fond\u00e9e sur des valeurs de [&hellip;]","og_url":"https:\/\/lecoutedesoi.fr\/?page_id=56","og_site_name":"L&#039;\u00e9coute de soi","article_publisher":"https:\/\/www.facebook.com\/lecoutedesoi.istres\/?locale=fr_FR","article_modified_time":"2026-01-12T15:31:51+00:00","og_image":[{"width":401,"height":380,"url":"https:\/\/lecoutedesoi.fr\/wp-content\/uploads\/2025\/10\/About-Us.jpg","type":"image\/jpeg"}],"twitter_card":"summary_large_image","twitter_misc":{"Est. reading time":"5 minutes"},"schema":{"@context":"https:\/\/schema.org","@graph":[{"@type":"WebPage","@id":"https:\/\/lecoutedesoi.fr\/?page_id=56","url":"https:\/\/lecoutedesoi.fr\/?page_id=56","name":"L'ASSOCIATION - L&#039;\u00e9coute de soi","isPartOf":{"@id":"https:\/\/lecoutedesoi.fr\/#website"},"primaryImageOfPage":{"@id":"https:\/\/lecoutedesoi.fr\/?page_id=56#primaryimage"},"image":{"@id":"https:\/\/lecoutedesoi.fr\/?page_id=56#primaryimage"},"thumbnailUrl":"http:\/\/lecoutedesoi.fr\/wp-content\/uploads\/2025\/10\/About-Us.jpg","datePublished":"2025-10-02T16:27:17+00:00","dateModified":"2026-01-12T15:31:51+00:00","breadcrumb":{"@id":"https:\/\/lecoutedesoi.fr\/?page_id=56#breadcrumb"},"inLanguage":"en-US","potentialAction":[{"@type":"ReadAction","target":["https:\/\/lecoutedesoi.fr\/?page_id=56"]}]},{"@type":"ImageObject","inLanguage":"en-US","@id":"https:\/\/lecoutedesoi.fr\/?page_id=56#primaryimage","url":"http:\/\/lecoutedesoi.fr\/wp-content\/uploads\/2025\/10\/About-Us.jpg","contentUrl":"http:\/\/lecoutedesoi.fr\/wp-content\/uploads\/2025\/10\/About-Us.jpg","width":401,"height":380},{"@type":"BreadcrumbList","@id":"https:\/\/lecoutedesoi.fr\/?page_id=56#breadcrumb","itemListElement":[{"@type":"ListItem","position":1,"name":"Home","item":"https:\/\/lecoutedesoi.fr\/"},{"@type":"ListItem","position":2,"name":"L&#8217;ASSOCIATION"}]},{"@type":"WebSite","@id":"https:\/\/lecoutedesoi.fr\/#website","url":"https:\/\/lecoutedesoi.fr\/","name":"L'\u00e9coute de soi","description":"","publisher":{"@id":"https:\/\/lecoutedesoi.fr\/#organization"},"potentialAction":[{"@type":"SearchAction","target":{"@type":"EntryPoint","urlTemplate":"https:\/\/lecoutedesoi.fr\/?s={search_term_string}"},"query-input":{"@type":"PropertyValueSpecification","valueRequired":true,"valueName":"search_term_string"}}],"inLanguage":"en-US"},{"@type":"Organization","@id":"https:\/\/lecoutedesoi.fr\/#organization","name":"L'\u00e9coute de soi","url":"https:\/\/lecoutedesoi.fr\/","logo":{"@type":"ImageObject","inLanguage":"en-US","@id":"https:\/\/lecoutedesoi.fr\/#\/schema\/logo\/image\/","url":"http:\/\/lecoutedesoi.fr\/wp-content\/uploads\/2025\/10\/logo-ecoutedesoi2-scaled.png","contentUrl":"http:\/\/lecoutedesoi.fr\/wp-content\/uploads\/2025\/10\/logo-ecoutedesoi2-scaled.png","width":2158,"height":2560,"caption":"L'\u00e9coute de soi"},"image":{"@id":"https:\/\/lecoutedesoi.fr\/#\/schema\/logo\/image\/"},"sameAs":["https:\/\/www.facebook.com\/lecoutedesoi.istres\/?locale=fr_FR"]}]}},"_links":{"self":[{"href":"http:\/\/lecoutedesoi.fr\/index.php?rest_route=\/wp\/v2\/pages\/56","targetHints":{"allow":["GET"]}}],"collection":[{"href":"http:\/\/lecoutedesoi.fr\/index.php?rest_route=\/wp\/v2\/pages"}],"about":[{"href":"http:\/\/lecoutedesoi.fr\/index.php?rest_route=\/wp\/v2\/types\/page"}],"author":[{"embeddable":true,"href":"http:\/\/lecoutedesoi.fr\/index.php?rest_route=\/wp\/v2\/users\/1"}],"replies":[{"embeddable":true,"href":"http:\/\/lecoutedesoi.fr\/index.php?rest_route=%2Fwp%2Fv2%2Fcomments&post=56"}],"version-history":[{"count":39,"href":"http:\/\/lecoutedesoi.fr\/index.php?rest_route=\/wp\/v2\/pages\/56\/revisions"}],"predecessor-version":[{"id":651,"href":"http:\/\/lecoutedesoi.fr\/index.php?rest_route=\/wp\/v2\/pages\/56\/revisions\/651"}],"wp:featuredmedia":[{"embeddable":true,"href":"http:\/\/lecoutedesoi.fr\/index.php?rest_route=\/wp\/v2\/media\/61"}],"wp:attachment":[{"href":"http:\/\/lecoutedesoi.fr\/index.php?rest_route=%2Fwp%2Fv2%2Fmedia&parent=56"}],"curies":[{"name":"wp","href":"https:\/\/api.w.org\/{rel}","templated":true}]}}