{"id":62,"date":"2025-10-02T16:27:17","date_gmt":"2025-10-02T16:27:17","guid":{"rendered":"http:\/\/lecoutedesoi.fr\/?page_id=62"},"modified":"2026-01-12T15:49:03","modified_gmt":"2026-01-12T15:49:03","slug":"cours-stages","status":"publish","type":"page","link":"http:\/\/lecoutedesoi.fr\/?page_id=62","title":{"rendered":"NOS INTERVENANTS"},"content":{"rendered":"\t\t<div data-elementor-type=\"wp-page\" data-elementor-id=\"62\" class=\"elementor elementor-62\" data-elementor-post-type=\"page\">\n\t\t\t\t<div class=\"elementor-element elementor-element-59547cfb e-con-full e-flex e-con e-parent\" data-id=\"59547cfb\" data-element_type=\"container\" data-settings=\"{&quot;background_background&quot;:&quot;classic&quot;}\">\n\t\t<div class=\"elementor-element elementor-element-2530a59e e-con-full e-flex e-con e-child\" data-id=\"2530a59e\" data-element_type=\"container\">\n\t\t\t\t<div class=\"elementor-element elementor-element-1f1dea13 elementor-invisible elementor-widget elementor-widget-heading\" data-id=\"1f1dea13\" data-element_type=\"widget\" data-settings=\"{&quot;_animation&quot;:&quot;fadeIn&quot;}\" data-widget_type=\"heading.default\">\n\t\t\t\t<div class=\"elementor-widget-container\">\n\t\t\t\t\t<h1 class=\"elementor-heading-title elementor-size-default\">Nos intervenantes<\/h1>\t\t\t\t<\/div>\n\t\t\t\t<\/div>\n\t\t\t\t<\/div>\n\t\t<div class=\"elementor-element elementor-element-37270f0f e-con-full e-flex e-con e-child\" data-id=\"37270f0f\" data-element_type=\"container\">\n\t\t\t\t<div class=\"elementor-element elementor-element-ef705ef elementor-widget elementor-widget-heading\" data-id=\"ef705ef\" data-element_type=\"widget\" data-widget_type=\"heading.default\">\n\t\t\t\t<div class=\"elementor-widget-container\">\n\t\t\t\t\t<h5 class=\"elementor-heading-title elementor-size-default\"> L\u2019\u00c9coute de Soi, cours de yoga \u00e0 Istres, <br> Port-Saint-Louis et en ligne\n<br><br>\nChez L\u2019\u00c9coute de Soi, nos enseignantes partagent une m\u00eame passion : transmettre un yoga accessible, bienveillant et vivant, adapt\u00e9 \u00e0 chacun.<\/h5>\t\t\t\t<\/div>\n\t\t\t\t<\/div>\n\t\t\t\t<div class=\"elementor-element elementor-element-252eccf6 elementor-tablet-align-left elementor-mobile-align-center elementor-widget__width-inherit elementor-invisible elementor-widget elementor-widget-button\" data-id=\"252eccf6\" data-element_type=\"widget\" data-settings=\"{&quot;_animation&quot;:&quot;fadeIn&quot;,&quot;_animation_delay&quot;:200}\" data-widget_type=\"button.default\">\n\t\t\t\t<div class=\"elementor-widget-container\">\n\t\t\t\t\t\t\t\t\t<div class=\"elementor-button-wrapper\">\n\t\t\t\t\t<a class=\"elementor-button elementor-button-link elementor-size-sm\" href=\"http:\/\/lecoutedesoi.fr\/?page_id=51\">\n\t\t\t\t\t\t<span class=\"elementor-button-content-wrapper\">\n\t\t\t\t\t\t\t\t\t<span class=\"elementor-button-text\">VOIR LES COURS<\/span>\n\t\t\t\t\t<\/span>\n\t\t\t\t\t<\/a>\n\t\t\t\t<\/div>\n\t\t\t\t\t\t\t\t<\/div>\n\t\t\t\t<\/div>\n\t\t\t\t<\/div>\n\t\t\t\t<\/div>\n\t\t<div class=\"elementor-element elementor-element-f64df14 e-flex e-con-boxed e-con e-parent\" data-id=\"f64df14\" data-element_type=\"container\">\n\t\t\t\t\t<div class=\"e-con-inner\">\n\t\t<div class=\"elementor-element elementor-element-155bc5f e-con-full e-flex e-con e-child\" data-id=\"155bc5f\" data-element_type=\"container\">\n\t\t\t\t<div class=\"elementor-element elementor-element-15b5da6 elementor-position-top elementor-widget elementor-widget-image-box\" data-id=\"15b5da6\" data-element_type=\"widget\" data-widget_type=\"image-box.default\">\n\t\t\t\t<div class=\"elementor-widget-container\">\n\t\t\t\t\t<div class=\"elementor-image-box-wrapper\"><figure class=\"elementor-image-box-img\"><img decoding=\"async\" src=\"http:\/\/lecoutedesoi.fr\/wp-content\/uploads\/elementor\/thumbs\/PHOTO-CECILE-rcy0br7yykaoaks6kb6j5ijtstejuqnwl0thi3m3yg.jpg\" title=\"PHOTO CECILE\" alt=\"PHOTO CECILE\" loading=\"lazy\" \/><\/figure><div class=\"elementor-image-box-content\"><h3 class=\"elementor-image-box-title\">C\u00e9cile Jutan<\/h3><p class=\"elementor-image-box-description\">Enseignante de Yoga et accompagnante \u00e0 L\u2019\u00c9coute de Soi, <br>Istres et Port-Saint-Louis-du-Rh\u00f4ne<\/p><\/div><\/div>\t\t\t\t<\/div>\n\t\t\t\t<\/div>\n\t\t\t\t<div class=\"elementor-element elementor-element-6ffac66 elementor-widget elementor-widget-n-accordion\" data-id=\"6ffac66\" data-element_type=\"widget\" data-settings=\"{&quot;default_state&quot;:&quot;all_collapsed&quot;,&quot;max_items_expended&quot;:&quot;one&quot;,&quot;n_accordion_animation_duration&quot;:{&quot;unit&quot;:&quot;ms&quot;,&quot;size&quot;:400,&quot;sizes&quot;:[]}}\" data-widget_type=\"nested-accordion.default\">\n\t\t\t\t<div class=\"elementor-widget-container\">\n\t\t\t\t\t\t\t<div class=\"e-n-accordion\" aria-label=\"Accordion. Open links with Enter or Space, close with Escape, and navigate with Arrow Keys\">\n\t\t\t\t\t\t<details id=\"e-n-accordion-item-1170\" class=\"e-n-accordion-item\" >\n\t\t\t\t<summary class=\"e-n-accordion-item-title\" data-accordion-index=\"1\" tabindex=\"0\" aria-expanded=\"false\" aria-controls=\"e-n-accordion-item-1170\" >\n\t\t\t\t\t<span class='e-n-accordion-item-title-header'><div class=\"e-n-accordion-item-title-text\"> BIOGRAPHIE <\/div><\/span>\n\t\t\t\t\t\t\t<span class='e-n-accordion-item-title-icon'>\n\t\t\t<span class='e-opened' ><i aria-hidden=\"true\" class=\"fas fa-minus\"><\/i><\/span>\n\t\t\t<span class='e-closed'><i aria-hidden=\"true\" class=\"fas fa-plus\"><\/i><\/span>\n\t\t<\/span>\n\n\t\t\t\t\t\t<\/summary>\n\t\t\t\t<div role=\"region\" aria-labelledby=\"e-n-accordion-item-1170\" class=\"elementor-element elementor-element-68910b8 e-con-full e-flex e-con e-child\" data-id=\"68910b8\" data-element_type=\"container\">\n\t\t\t\t<div class=\"elementor-element elementor-element-05d9644 elementor-widget elementor-widget-text-editor\" data-id=\"05d9644\" data-element_type=\"widget\" data-widget_type=\"text-editor.default\">\n\t\t\t\t<div class=\"elementor-widget-container\">\n\t\t\t\t\t\t\t\t\t<p>Depuis l\u2019enfance j\u2019ai toujours \u00e9t\u00e9 proche de la nature et en qu\u00eate de sens.\u00a0 Logisticienne de formation, mon m\u00e9tier initial \u00e9tait assez stressant et fatiguant.\u00a0 Pour trouver un \u00e9quilibre int\u00e9rieur, je commence \u00e0 pratiquer le yoga \u00e0 25 ans. Cette pratique inspir\u00e9e de la nature me reconnecte \u00e0 moi-m\u00eame, me nourrit et me transforme et je note aussi l&#8217;influence sur mon entourage. Le Yoga devient pour moi un v\u00e9ritable chemin de vie et l\u2019envie de transmettre devient une \u00e9vidence. Depuis 2011, j&#8217;enseigne le yoga, j&#8217;ai \u00e0 c\u0153ur de contribuer \u00e0 accompagner les personnes vers un mieux-\u00eatre.<\/p><p>Je re\u00e7ois avec gratitude et je donne \u00e0 mon tour avec enthousiasme !<\/p><p>Je rends hommage \u00e0 tous mes enseignants, je ne peux pas tous les nommer ici, \u00e0 mes parents aussi, pour m\u2019avoir \u00e9clair\u00e9 et guid\u00e9 sur mon chemin. Je chemine toujours bien-s\u00fbr en exp\u00e9rimentant et en me formant, cela est pour moi source de joie, de profondeur et d\u2019\u00e9veil.<\/p><p><b>Mon parcours<\/b><\/p><p>1997, je rencontre le yoga, l&#8217;expore et l&#8217;exp\u00e9rimente pendant 10 ans.<\/p><p>De 2008 \u00e0 2011, je me forme aupr\u00e8s de l\u2019\u00c9cole Fran\u00e7aise du Yoga du Sud-Est (EFYSE) dont je suis dipl\u00f4m\u00e9e en tant qu\u2019enseignante de yoga (900h \/ 4 ans). Je re\u00e7ois alors principalement les enseignements du<b> yoga de l\u2019\u00e9nergie, du yoga de Madras et du Cachemire ainsi que le yoga de Nil Hahoutoff<\/b>. je commence \u00e0 transmettre \u00e0 mon tour.<\/p><p>Sensible au chant d\u2019un oiseau, d\u2019une musique, je m\u2019\u00e9merveille en Yoga par la puissance des sons (mantras, bajans, chant v\u00e9dique\u2026). Je m\u2019investis alors dans le <b>Yoga du son<\/b>. Mes exp\u00e9riences et mes recherches me m\u00e8nent \u00e0 me former \u00e0 la <b>sonoth\u00e9rapie<\/b> (en 2010 et 2011) aupr\u00e8s d\u2019Emmanuel Comte et d\u2019Ir\u00e8ne Ernst. Nomm\u00e9e aussi sonologie ou Toucher par les Sons\u00ae cette technique de relaxation profonde gr\u00e2ce aux sons, aux vibrations permet l\u2019harmonisation de l\u2019\u00eatre.<\/p><p>De 2011 \u00e0 2013 je continue d\u2019approfondir mes pratiques et connaissances philosophiques aupr\u00e8s de Boris Tatsky (yoga de l\u2019Energie) dans le cadre de stages longs et post-formations.<\/p><p>Depuis 2014, je suis r\u00e9guli\u00e8rement les enseignements de Philippe de Fallois (Lign\u00e9e Nil Hahoutoff).<\/p><p>En d\u00e9cembre 2016, je pars dans le sud de l\u2019Inde au Krishnamacharya Yoga Mandiram pour contacter la source des enseignements du Yoga de Madras issu de Krishnamacharya et de Desikachar.<\/p><p>De 2016 \u00e0 2019, j\u2019ai suivi en post-formation l\u2019enseignement de Driss Benzouine et j\u2019ai pu notamment explorer lors de ces quatre ann\u00e9es\u00a0:<br \/>&#8211;<b> La dimension des fascias au travers du yoga<\/b> (spirales dynamiques, mouvements primaires)<br \/>&#8211; Les liens entre yoga et soufisme (philosophie, danse derviche)<br \/>&#8211; L\u2019approche fine et sensible du yoga f\u00e9minin<\/p><p>Cette post formation me fait \u00e9voluer notamment avec la\/ma dimension f\u00e9minine et me donne envie de renouer avec le yoga dans l\u2019eau d\u00e9couvert lors de ma formation de base \u00e0 l\u2019EFYSE aupr\u00e8s de Laur\u00e9dana Hamoniaux. Je me forme \u00e0 <b>l\u2019Aqua Yoga<\/b> aupr\u00e8s de Magali Tirel en 2019.<\/p><p>Toujours en qu\u00eate de finesse et profondeur autant en moi-m\u00eame que dans mes accompagnements, je me forme au<b> yoga des \u00e9motions<\/b> avec l\u2019Universit\u00e9 Internationale de Yoga et Diva Yoga, dont je suis dipl\u00f4m\u00e9e en 2022.<\/p><p>Depuis 2012, je re\u00e7ois \u00e9galement si besoin des personnes dans mon cabinet \u00e0 Istres, pour des s\u00e9ances de Yoga individuelles ou des soins de Sonoth\u00e9rapie.<\/p>\t\t\t\t\t\t\t\t<\/div>\n\t\t\t\t<\/div>\n\t\t\t\t<\/div>\n\t\t\t\t\t<\/details>\n\t\t\t\t\t<\/div>\n\t\t\t\t\t\t<\/div>\n\t\t\t\t<\/div>\n\t\t\t\t<\/div>\n\t\t<div class=\"elementor-element elementor-element-d1ef4e0 e-con-full e-flex e-con e-child\" data-id=\"d1ef4e0\" data-element_type=\"container\">\n\t\t\t\t<div class=\"elementor-element elementor-element-80f39f4 elementor-position-top elementor-widget elementor-widget-image-box\" data-id=\"80f39f4\" data-element_type=\"widget\" data-widget_type=\"image-box.default\">\n\t\t\t\t<div class=\"elementor-widget-container\">\n\t\t\t\t\t<div class=\"elementor-image-box-wrapper\"><figure class=\"elementor-image-box-img\"><img decoding=\"async\" src=\"http:\/\/lecoutedesoi.fr\/wp-content\/uploads\/elementor\/thumbs\/NOUVEAU-PORTRAIT-DE-SANDRA-rotated-e1764323620575-rfd6hc7dysm4locm6rhaa0wmdszs79ygccavn8k1hk.jpg\" title=\"NOUVEAU PORTRAIT DE SANDRA\" alt=\"NOUVEAU PORTRAIT DE SANDRA\" loading=\"lazy\" \/><\/figure><div class=\"elementor-image-box-content\"><h3 class=\"elementor-image-box-title\">Sandra Codez<\/h3><p class=\"elementor-image-box-description\">Enseignante en m\u00e9ditation et accompagnante \u00e0 L\u2019\u00c9coute de Soi, <br>Istres et Port-Saint-Louis-du-Rh\u00f4ne<\/p><\/div><\/div>\t\t\t\t<\/div>\n\t\t\t\t<\/div>\n\t\t\t\t<div class=\"elementor-element elementor-element-5e36d0a elementor-widget elementor-widget-n-accordion\" data-id=\"5e36d0a\" data-element_type=\"widget\" data-settings=\"{&quot;default_state&quot;:&quot;all_collapsed&quot;,&quot;max_items_expended&quot;:&quot;one&quot;,&quot;n_accordion_animation_duration&quot;:{&quot;unit&quot;:&quot;ms&quot;,&quot;size&quot;:400,&quot;sizes&quot;:[]}}\" data-widget_type=\"nested-accordion.default\">\n\t\t\t\t<div class=\"elementor-widget-container\">\n\t\t\t\t\t\t\t<div class=\"e-n-accordion\" aria-label=\"Accordion. Open links with Enter or Space, close with Escape, and navigate with Arrow Keys\">\n\t\t\t\t\t\t<details id=\"e-n-accordion-item-9870\" class=\"e-n-accordion-item\" >\n\t\t\t\t<summary class=\"e-n-accordion-item-title\" data-accordion-index=\"1\" tabindex=\"0\" aria-expanded=\"false\" aria-controls=\"e-n-accordion-item-9870\" >\n\t\t\t\t\t<span class='e-n-accordion-item-title-header'><div class=\"e-n-accordion-item-title-text\"> BIOGRAPHIE <\/div><\/span>\n\t\t\t\t\t\t\t<span class='e-n-accordion-item-title-icon'>\n\t\t\t<span class='e-opened' ><i aria-hidden=\"true\" class=\"fas fa-minus\"><\/i><\/span>\n\t\t\t<span class='e-closed'><i aria-hidden=\"true\" class=\"fas fa-plus\"><\/i><\/span>\n\t\t<\/span>\n\n\t\t\t\t\t\t<\/summary>\n\t\t\t\t<div role=\"region\" aria-labelledby=\"e-n-accordion-item-9870\" class=\"elementor-element elementor-element-9c58646 e-con-full e-flex e-con e-child\" data-id=\"9c58646\" data-element_type=\"container\">\n\t\t\t\t<div class=\"elementor-element elementor-element-bea5cc4 elementor-widget elementor-widget-text-editor\" data-id=\"bea5cc4\" data-element_type=\"widget\" data-widget_type=\"text-editor.default\">\n\t\t\t\t<div class=\"elementor-widget-container\">\n\t\t\t\t\t\t\t\t\t<p data-start=\"523\" data-end=\"929\">J\u2019ai d\u00e9couvert la <strong data-start=\"541\" data-end=\"555\">m\u00e9ditation<\/strong> il y a plusieurs ann\u00e9es, au sein de l\u2019association <em data-start=\"606\" data-end=\"636\">Bien-\u00eatre \u00e0 Port-Saint-Louis<\/em>, puis aupr\u00e8s de <strong data-start=\"653\" data-end=\"663\">C\u00e9cile<\/strong>, lors de ses <strong data-start=\"677\" data-end=\"712\">cours de yoga \u00e0 L\u2019\u00c9coute de Soi<\/strong>.<br data-start=\"713\" data-end=\"716\" \/>En 2021, mon parcours m\u2019a conduite vers l\u2019<strong data-start=\"758\" data-end=\"806\">\u00c9cole de m\u00e9ditation fond\u00e9e par Fabrice Midal<\/strong>, aujourd\u2019hui appel\u00e9e <strong data-start=\"828\" data-end=\"836\">RESO<\/strong>, o\u00f9 j\u2019ai approfondi ma pratique et ma compr\u00e9hension de la pleine pr\u00e9sence (<em data-start=\"912\" data-end=\"925\">mindfulness<\/em>).<\/p><p data-start=\"931\" data-end=\"1304\">Mes premiers pas avec RESO ont \u00e9t\u00e9 marqu\u00e9s par deux <strong data-start=\"983\" data-end=\"998\">masterclass<\/strong> inspirantes : <em data-start=\"1013\" data-end=\"1054\">Et si la m\u00e9ditation c\u2019\u00e9tait pour vous ?<\/em> et <em data-start=\"1058\" data-end=\"1084\">Apprivoiser ses \u00e9motions<\/em>.<br data-start=\"1085\" data-end=\"1088\" \/>J\u2019y ai d\u00e9couvert que la <strong data-start=\"1112\" data-end=\"1126\">m\u00e9ditation<\/strong> n\u2019est pas une fuite du r\u00e9el, mais au contraire une <strong data-start=\"1178\" data-end=\"1228\">rencontre vivante avec soi-m\u00eame et avec la vie<\/strong>, dans toutes ses nuances \u2014 ses zones d\u2019ombre comme ses \u00e9clats de lumi\u00e8re.<\/p><p data-start=\"1306\" data-end=\"1743\">En octobre 2021, j\u2019ai particip\u00e9 \u00e0 un <strong data-start=\"1343\" data-end=\"1409\">stage de cinq jours \u201cApprendre \u00e0 m\u00e9diter \u2013 la pleine pr\u00e9sence\u201d<\/strong>, une exp\u00e9rience fondatrice qui m\u2019a apport\u00e9 un immense soulagement : celui de pouvoir simplement <strong data-start=\"1506\" data-end=\"1546\">\u00eatre un \u00eatre humain, tel que je suis<\/strong>.<br data-start=\"1547\" data-end=\"1550\" \/>Devenue <strong data-start=\"1558\" data-end=\"1584\">membre de l\u2019\u00e9cole RESO<\/strong> en 2022, j\u2019ai pu b\u00e9n\u00e9ficier d\u2019un enseignement riche, entre <strong data-start=\"1644\" data-end=\"1668\">stages en pr\u00e9sentiel<\/strong>, <strong data-start=\"1670\" data-end=\"1684\">s\u00e9minaires<\/strong>, <strong data-start=\"1686\" data-end=\"1704\">cours en ligne<\/strong> et <strong data-start=\"1708\" data-end=\"1740\">formations \u00e0 la transmission<\/strong>.<\/p><p data-start=\"1745\" data-end=\"2035\">En 2023, j\u2019ai suivi la <strong data-start=\"1768\" data-end=\"1834\">formation \u201cApprendre \u00e0 transmettre les bases de la m\u00e9ditation\u201d<\/strong>, puis en 2024, la <strong data-start=\"1853\" data-end=\"1929\">formation \u201cApprendre \u00e0 transmettre la bienveillance et l\u2019autocompassion\u201d<\/strong>.<br data-start=\"1930\" data-end=\"1933\" \/>Apprendre et transmettre font profond\u00e9ment partie de mon chemin \u2014 c\u2019est ce qui m\u2019anime au quotidien.<\/p><p data-start=\"2037\" data-end=\"2401\">Je ressens une grande <strong data-start=\"2059\" data-end=\"2092\">gratitude envers l\u2019\u00e9cole RESO<\/strong>, ses enseignants et ses membres, ainsi qu\u2019envers <strong data-start=\"2142\" data-end=\"2152\">C\u00e9cile<\/strong>, pour sa confiance et la bienveillance qu\u2019elle offre \u00e0 chaque membre de l\u2019association <em data-start=\"2239\" data-end=\"2256\">L\u2019\u00c9coute de Soi<\/em>.<br data-start=\"2257\" data-end=\"2260\" \/>C\u2019est au sein de cette belle communaut\u00e9 que je transmets aujourd\u2019hui la <strong data-start=\"2332\" data-end=\"2346\">m\u00e9ditation<\/strong>, dans un esprit d\u2019\u00e9coute, de respect et de pr\u00e9sence.<\/p>\t\t\t\t\t\t\t\t<\/div>\n\t\t\t\t<\/div>\n\t\t\t\t<\/div>\n\t\t\t\t\t<\/details>\n\t\t\t\t\t<\/div>\n\t\t\t\t\t\t<\/div>\n\t\t\t\t<\/div>\n\t\t\t\t<\/div>\n\t\t\t\t\t<\/div>\n\t\t\t\t<\/div>\n\t\t<div class=\"elementor-element elementor-element-d4aab32 e-flex e-con-boxed e-con e-parent\" data-id=\"d4aab32\" data-element_type=\"container\">\n\t\t\t\t\t<div class=\"e-con-inner\">\n\t\t\t\t<div class=\"elementor-element elementor-element-179fb3e elementor-widget elementor-widget-heading\" data-id=\"179fb3e\" data-element_type=\"widget\" data-widget_type=\"heading.default\">\n\t\t\t\t<div class=\"elementor-widget-container\">\n\t\t\t\t\t<h2 class=\"elementor-heading-title elementor-size-default\">Nos intervenantes vous accueillent \u00e0 Istres, \u00e0 Port-Saint-Louis-du-Rh\u00f4ne ou en ligne via Zoom pour une pratique adapt\u00e9e \u00e0 votre rythme.<\/h2>\t\t\t\t<\/div>\n\t\t\t\t<\/div>\n\t\t\t\t<div class=\"elementor-element elementor-element-cd68e80 elementor-align-center elementor-widget__width-inherit elementor-invisible elementor-widget elementor-widget-button\" data-id=\"cd68e80\" data-element_type=\"widget\" data-settings=\"{&quot;_animation&quot;:&quot;fadeInDown&quot;}\" data-widget_type=\"button.default\">\n\t\t\t\t<div class=\"elementor-widget-container\">\n\t\t\t\t\t\t\t\t\t<div class=\"elementor-button-wrapper\">\n\t\t\t\t\t<a class=\"elementor-button elementor-button-link elementor-size-sm\" href=\"http:\/\/lecoutedesoi.fr\/?page_id=51\">\n\t\t\t\t\t\t<span class=\"elementor-button-content-wrapper\">\n\t\t\t\t\t\t\t\t\t<span class=\"elementor-button-text\">VOIR LE PLANNING DES COURS<\/span>\n\t\t\t\t\t<\/span>\n\t\t\t\t\t<\/a>\n\t\t\t\t<\/div>\n\t\t\t\t\t\t\t\t<\/div>\n\t\t\t\t<\/div>\n\t\t\t\t\t<\/div>\n\t\t\t\t<\/div>\n\t\t\t\t<\/div>\n\t\t","protected":false},"excerpt":{"rendered":"<p>Nos intervenantes L\u2019\u00c9coute de Soi, cours de yoga \u00e0 Istres, Port-Saint-Louis et en ligne Chez L\u2019\u00c9coute de Soi, nos enseignantes partagent une m\u00eame passion : transmettre un yoga accessible, bienveillant et vivant, adapt\u00e9 \u00e0 chacun. VOIR LES COURS C\u00e9cile Jutan Enseignante de Yoga et accompagnante \u00e0 L\u2019\u00c9coute de Soi, Istres et Port-Saint-Louis-du-Rh\u00f4ne BIOGRAPHIE Depuis l\u2019enfance [&hellip;]<\/p>\n","protected":false},"author":1,"featured_media":74,"parent":0,"menu_order":0,"comment_status":"closed","ping_status":"closed","template":"elementor_header_footer","meta":{"_acf_changed":false,"footnotes":""},"class_list":["post-62","page","type-page","status-publish","has-post-thumbnail","hentry"],"acf":[],"yoast_head":"<!-- This site is optimized with the Yoast SEO plugin v26.3 - https:\/\/yoast.com\/wordpress\/plugins\/seo\/ -->\n<title>NOS INTERVENANTS - L&#039;\u00e9coute de soi<\/title>\n<meta name=\"robots\" content=\"index, follow, max-snippet:-1, max-image-preview:large, max-video-preview:-1\" \/>\n<link rel=\"canonical\" href=\"http:\/\/lecoutedesoi.fr\/?page_id=62\" \/>\n<meta property=\"og:locale\" content=\"en_US\" \/>\n<meta property=\"og:type\" content=\"article\" \/>\n<meta property=\"og:title\" content=\"NOS INTERVENANTS - L&#039;\u00e9coute de soi\" \/>\n<meta property=\"og:description\" content=\"Nos intervenantes L\u2019\u00c9coute de Soi, cours de yoga \u00e0 Istres, Port-Saint-Louis et en ligne Chez L\u2019\u00c9coute de Soi, nos enseignantes partagent une m\u00eame passion : transmettre un yoga accessible, bienveillant et vivant, adapt\u00e9 \u00e0 chacun. VOIR LES COURS C\u00e9cile Jutan Enseignante de Yoga et accompagnante \u00e0 L\u2019\u00c9coute de Soi, Istres et Port-Saint-Louis-du-Rh\u00f4ne BIOGRAPHIE Depuis l\u2019enfance [&hellip;]\" \/>\n<meta property=\"og:url\" content=\"http:\/\/lecoutedesoi.fr\/?page_id=62\" \/>\n<meta property=\"og:site_name\" content=\"L&#039;\u00e9coute de soi\" \/>\n<meta property=\"article:publisher\" content=\"https:\/\/www.facebook.com\/lecoutedesoi.istres\/?locale=fr_FR\" \/>\n<meta property=\"article:modified_time\" content=\"2026-01-12T15:49:03+00:00\" \/>\n<meta property=\"og:image\" content=\"http:\/\/lecoutedesoi.fr\/wp-content\/uploads\/2025\/10\/our-Gallery-1.jpg\" \/>\n\t<meta property=\"og:image:width\" content=\"401\" \/>\n\t<meta property=\"og:image:height\" content=\"380\" \/>\n\t<meta property=\"og:image:type\" content=\"image\/jpeg\" \/>\n<meta name=\"twitter:card\" content=\"summary_large_image\" \/>\n<meta name=\"twitter:label1\" content=\"Est. reading time\" \/>\n\t<meta name=\"twitter:data1\" content=\"8 minutes\" \/>\n<script type=\"application\/ld+json\" class=\"yoast-schema-graph\">{\"@context\":\"https:\/\/schema.org\",\"@graph\":[{\"@type\":\"WebPage\",\"@id\":\"http:\/\/lecoutedesoi.fr\/?page_id=62\",\"url\":\"http:\/\/lecoutedesoi.fr\/?page_id=62\",\"name\":\"NOS INTERVENANTS - L&#039;\u00e9coute de soi\",\"isPartOf\":{\"@id\":\"https:\/\/lecoutedesoi.fr\/#website\"},\"primaryImageOfPage\":{\"@id\":\"http:\/\/lecoutedesoi.fr\/?page_id=62#primaryimage\"},\"image\":{\"@id\":\"http:\/\/lecoutedesoi.fr\/?page_id=62#primaryimage\"},\"thumbnailUrl\":\"http:\/\/lecoutedesoi.fr\/wp-content\/uploads\/2025\/10\/our-Gallery-1.jpg\",\"datePublished\":\"2025-10-02T16:27:17+00:00\",\"dateModified\":\"2026-01-12T15:49:03+00:00\",\"breadcrumb\":{\"@id\":\"http:\/\/lecoutedesoi.fr\/?page_id=62#breadcrumb\"},\"inLanguage\":\"en-US\",\"potentialAction\":[{\"@type\":\"ReadAction\",\"target\":[\"http:\/\/lecoutedesoi.fr\/?page_id=62\"]}]},{\"@type\":\"ImageObject\",\"inLanguage\":\"en-US\",\"@id\":\"http:\/\/lecoutedesoi.fr\/?page_id=62#primaryimage\",\"url\":\"http:\/\/lecoutedesoi.fr\/wp-content\/uploads\/2025\/10\/our-Gallery-1.jpg\",\"contentUrl\":\"http:\/\/lecoutedesoi.fr\/wp-content\/uploads\/2025\/10\/our-Gallery-1.jpg\",\"width\":401,\"height\":380},{\"@type\":\"BreadcrumbList\",\"@id\":\"http:\/\/lecoutedesoi.fr\/?page_id=62#breadcrumb\",\"itemListElement\":[{\"@type\":\"ListItem\",\"position\":1,\"name\":\"Home\",\"item\":\"https:\/\/lecoutedesoi.fr\/\"},{\"@type\":\"ListItem\",\"position\":2,\"name\":\"NOS INTERVENANTS\"}]},{\"@type\":\"WebSite\",\"@id\":\"https:\/\/lecoutedesoi.fr\/#website\",\"url\":\"https:\/\/lecoutedesoi.fr\/\",\"name\":\"L'\u00e9coute de soi\",\"description\":\"\",\"publisher\":{\"@id\":\"https:\/\/lecoutedesoi.fr\/#organization\"},\"potentialAction\":[{\"@type\":\"SearchAction\",\"target\":{\"@type\":\"EntryPoint\",\"urlTemplate\":\"https:\/\/lecoutedesoi.fr\/?s={search_term_string}\"},\"query-input\":{\"@type\":\"PropertyValueSpecification\",\"valueRequired\":true,\"valueName\":\"search_term_string\"}}],\"inLanguage\":\"en-US\"},{\"@type\":\"Organization\",\"@id\":\"https:\/\/lecoutedesoi.fr\/#organization\",\"name\":\"L'\u00e9coute de soi\",\"url\":\"https:\/\/lecoutedesoi.fr\/\",\"logo\":{\"@type\":\"ImageObject\",\"inLanguage\":\"en-US\",\"@id\":\"https:\/\/lecoutedesoi.fr\/#\/schema\/logo\/image\/\",\"url\":\"http:\/\/lecoutedesoi.fr\/wp-content\/uploads\/2025\/10\/logo-ecoutedesoi2-scaled.png\",\"contentUrl\":\"http:\/\/lecoutedesoi.fr\/wp-content\/uploads\/2025\/10\/logo-ecoutedesoi2-scaled.png\",\"width\":2158,\"height\":2560,\"caption\":\"L'\u00e9coute de soi\"},\"image\":{\"@id\":\"https:\/\/lecoutedesoi.fr\/#\/schema\/logo\/image\/\"},\"sameAs\":[\"https:\/\/www.facebook.com\/lecoutedesoi.istres\/?locale=fr_FR\"]}]}<\/script>\n<!-- \/ Yoast SEO plugin. -->","yoast_head_json":{"title":"NOS INTERVENANTS - L&#039;\u00e9coute de soi","robots":{"index":"index","follow":"follow","max-snippet":"max-snippet:-1","max-image-preview":"max-image-preview:large","max-video-preview":"max-video-preview:-1"},"canonical":"http:\/\/lecoutedesoi.fr\/?page_id=62","og_locale":"en_US","og_type":"article","og_title":"NOS INTERVENANTS - L&#039;\u00e9coute de soi","og_description":"Nos intervenantes L\u2019\u00c9coute de Soi, cours de yoga \u00e0 Istres, Port-Saint-Louis et en ligne Chez L\u2019\u00c9coute de Soi, nos enseignantes partagent une m\u00eame passion : transmettre un yoga accessible, bienveillant et vivant, adapt\u00e9 \u00e0 chacun. VOIR LES COURS C\u00e9cile Jutan Enseignante de Yoga et accompagnante \u00e0 L\u2019\u00c9coute de Soi, Istres et Port-Saint-Louis-du-Rh\u00f4ne BIOGRAPHIE Depuis l\u2019enfance [&hellip;]","og_url":"http:\/\/lecoutedesoi.fr\/?page_id=62","og_site_name":"L&#039;\u00e9coute de soi","article_publisher":"https:\/\/www.facebook.com\/lecoutedesoi.istres\/?locale=fr_FR","article_modified_time":"2026-01-12T15:49:03+00:00","og_image":[{"width":401,"height":380,"url":"http:\/\/lecoutedesoi.fr\/wp-content\/uploads\/2025\/10\/our-Gallery-1.jpg","type":"image\/jpeg"}],"twitter_card":"summary_large_image","twitter_misc":{"Est. reading time":"8 minutes"},"schema":{"@context":"https:\/\/schema.org","@graph":[{"@type":"WebPage","@id":"http:\/\/lecoutedesoi.fr\/?page_id=62","url":"http:\/\/lecoutedesoi.fr\/?page_id=62","name":"NOS INTERVENANTS - L&#039;\u00e9coute de soi","isPartOf":{"@id":"https:\/\/lecoutedesoi.fr\/#website"},"primaryImageOfPage":{"@id":"http:\/\/lecoutedesoi.fr\/?page_id=62#primaryimage"},"image":{"@id":"http:\/\/lecoutedesoi.fr\/?page_id=62#primaryimage"},"thumbnailUrl":"http:\/\/lecoutedesoi.fr\/wp-content\/uploads\/2025\/10\/our-Gallery-1.jpg","datePublished":"2025-10-02T16:27:17+00:00","dateModified":"2026-01-12T15:49:03+00:00","breadcrumb":{"@id":"http:\/\/lecoutedesoi.fr\/?page_id=62#breadcrumb"},"inLanguage":"en-US","potentialAction":[{"@type":"ReadAction","target":["http:\/\/lecoutedesoi.fr\/?page_id=62"]}]},{"@type":"ImageObject","inLanguage":"en-US","@id":"http:\/\/lecoutedesoi.fr\/?page_id=62#primaryimage","url":"http:\/\/lecoutedesoi.fr\/wp-content\/uploads\/2025\/10\/our-Gallery-1.jpg","contentUrl":"http:\/\/lecoutedesoi.fr\/wp-content\/uploads\/2025\/10\/our-Gallery-1.jpg","width":401,"height":380},{"@type":"BreadcrumbList","@id":"http:\/\/lecoutedesoi.fr\/?page_id=62#breadcrumb","itemListElement":[{"@type":"ListItem","position":1,"name":"Home","item":"https:\/\/lecoutedesoi.fr\/"},{"@type":"ListItem","position":2,"name":"NOS INTERVENANTS"}]},{"@type":"WebSite","@id":"https:\/\/lecoutedesoi.fr\/#website","url":"https:\/\/lecoutedesoi.fr\/","name":"L'\u00e9coute de soi","description":"","publisher":{"@id":"https:\/\/lecoutedesoi.fr\/#organization"},"potentialAction":[{"@type":"SearchAction","target":{"@type":"EntryPoint","urlTemplate":"https:\/\/lecoutedesoi.fr\/?s={search_term_string}"},"query-input":{"@type":"PropertyValueSpecification","valueRequired":true,"valueName":"search_term_string"}}],"inLanguage":"en-US"},{"@type":"Organization","@id":"https:\/\/lecoutedesoi.fr\/#organization","name":"L'\u00e9coute de soi","url":"https:\/\/lecoutedesoi.fr\/","logo":{"@type":"ImageObject","inLanguage":"en-US","@id":"https:\/\/lecoutedesoi.fr\/#\/schema\/logo\/image\/","url":"http:\/\/lecoutedesoi.fr\/wp-content\/uploads\/2025\/10\/logo-ecoutedesoi2-scaled.png","contentUrl":"http:\/\/lecoutedesoi.fr\/wp-content\/uploads\/2025\/10\/logo-ecoutedesoi2-scaled.png","width":2158,"height":2560,"caption":"L'\u00e9coute de soi"},"image":{"@id":"https:\/\/lecoutedesoi.fr\/#\/schema\/logo\/image\/"},"sameAs":["https:\/\/www.facebook.com\/lecoutedesoi.istres\/?locale=fr_FR"]}]}},"_links":{"self":[{"href":"http:\/\/lecoutedesoi.fr\/index.php?rest_route=\/wp\/v2\/pages\/62","targetHints":{"allow":["GET"]}}],"collection":[{"href":"http:\/\/lecoutedesoi.fr\/index.php?rest_route=\/wp\/v2\/pages"}],"about":[{"href":"http:\/\/lecoutedesoi.fr\/index.php?rest_route=\/wp\/v2\/types\/page"}],"author":[{"embeddable":true,"href":"http:\/\/lecoutedesoi.fr\/index.php?rest_route=\/wp\/v2\/users\/1"}],"replies":[{"embeddable":true,"href":"http:\/\/lecoutedesoi.fr\/index.php?rest_route=%2Fwp%2Fv2%2Fcomments&post=62"}],"version-history":[{"count":50,"href":"http:\/\/lecoutedesoi.fr\/index.php?rest_route=\/wp\/v2\/pages\/62\/revisions"}],"predecessor-version":[{"id":671,"href":"http:\/\/lecoutedesoi.fr\/index.php?rest_route=\/wp\/v2\/pages\/62\/revisions\/671"}],"wp:featuredmedia":[{"embeddable":true,"href":"http:\/\/lecoutedesoi.fr\/index.php?rest_route=\/wp\/v2\/media\/74"}],"wp:attachment":[{"href":"http:\/\/lecoutedesoi.fr\/index.php?rest_route=%2Fwp%2Fv2%2Fmedia&parent=62"}],"curies":[{"name":"wp","href":"https:\/\/api.w.org\/{rel}","templated":true}]}}